{"id":3,"date":"2024-11-17T15:34:07","date_gmt":"2024-11-17T14:34:07","guid":{"rendered":"http:\/\/rosahorses.hu\/?page_id=3"},"modified":"2025-02-21T19:53:52","modified_gmt":"2025-02-21T18:53:52","slug":"adatkezelesi-tajekoztato","status":"publish","type":"page","link":"https:\/\/www.rosahorses.hu\/en\/adatkezelesi-tajekoztato\/","title":{"rendered":"Adatkezel\u00e9si t\u00e1j\u00e9koztat\u00f3"},"content":{"rendered":"<h2 class=\"wp-block-heading has-base-3-color has-global-color-9-background-color has-text-color has-background has-link-color wp-elements-cc57cf91fe0c70a20472317b28ecaace\">Adatkezel\u00e9si t\u00e1j\u00e9koztat\u00f3<\/h2>\n\n\n\n<p><\/p>\n\n\n\n<p class=\"has-base-3-background-color has-background\"><strong>1.Bevezet\u0151<\/strong><strong><\/strong><\/p>\n\n\n\n<p class=\"has-base-3-background-color has-background\">Gr\u0151bern\u00e9 Solymosi M\u00f3nika, mint a Rosa Horses Fedeztet\u0151 \u00e1llom\u00e1s tulajdonosa kiemelten fontosnak tartja \u00dcgyfelei \u00e9s Partnerei szem\u00e9lyes adatainak v\u00e9delm\u00e9t, inform\u00e1ci\u00f3s \u00f6nrendelkez\u00e9si jog\u00e1nak tisztelet\u00e9ben tart\u00e1s\u00e1t. A web\u00e1ruh\u00e1z haszn\u00e1lata sor\u00e1n a v\u00e1s\u00e1rl\u00f3k \u00e1ltal \u00e1tadott szem\u00e9lyes adatait bizalmasan kezeli, \u00e9s minden int\u00e9zked\u00e9st megtesz, mely az \u00fcgyfelek biztons\u00e1g\u00e1t garant\u00e1lja. Az adatkezel\u00e9s tekintet\u00e9ben a web\u00e1ruh\u00e1zzal kapcsolatosan az inform\u00e1ci\u00f3s \u00f6nrendelkez\u00e9si jogr\u00f3l \u00e9s inform\u00e1ci\u00f3szabads\u00e1gr\u00f3l sz\u00f3l\u00f3 2011. \u00e9vi CXII. t\u00f6rv\u00e9ny (r\u00f6viden: Infotv.), az Eur\u00f3pai Parlament \u00e9s a Tan\u00e1cs (EU) 2016\/679 rendelete a term\u00e9szetes szem\u00e9lynek a szem\u00e9lyes adatok kezel\u00e9se tekintet\u00e9ben t\u00f6rt\u00e9n\u0151 v\u00e9delm\u00e9r\u0151l \u00e9s az ilyen adatok szabad \u00e1raml\u00e1s\u00e1r\u00f3l, valamint a 95\/46\/EK rendelet hat\u00e1lyon k\u00edv\u00fcl helyez\u00e9s\u00e9r\u0151l (\u00e1ltal\u00e1nos adatv\u00e9delmi rendelet, r\u00f6viden: GDPR) sz\u00f3l\u00f3 jogszab\u00e1lyok rendelkez\u00e9seit veszik alapul.<\/p>\n\n\n\n<p class=\"has-base-3-background-color has-background\"><strong>2. Fogalmak<\/strong><strong><\/strong><\/p>\n\n\n\n<p class=\"has-base-3-background-color has-background\">1. <strong>Adat\u00e1llom\u00e1ny<\/strong>: az egy nyilv\u00e1ntart\u00f3-rendszerben kezelt adatok \u00f6sszess\u00e9ge.<\/p>\n\n\n\n<p class=\"has-base-3-background-color has-background\">2. <strong>Adatfeldolgoz\u00e1s<\/strong>: az adatkezel\u00e9si m\u0171veletekhez kapcsol\u00f3d\u00f3 technikai feladatok elv\u00e9gz\u00e9se, f\u00fcggetlen\u00fcl a m\u0171veletek v\u00e9grehajt\u00e1s\u00e1hoz alkalmazott m\u00f3dszert\u0151l \u00e9s eszk\u00f6zt\u0151l, valamint az alkalmaz\u00e1s hely\u00e9t\u0151l.<\/p>\n\n\n\n<p class=\"has-base-3-background-color has-background\">3. <strong>Adatfeldolgoz\u00f3<\/strong>: az a term\u00e9szetes vagy jogi szem\u00e9ly illetve jogi szem\u00e9lyis\u00e9ggel nem rendelkez\u0151 szervezet, aki vagy amely az adatkezel\u0151 megb\u00edz\u00e1s\u00e1b\u00f3l \u2013 bele\u00e9rtve a jogszab\u00e1ly rendelkez\u00e9se alapj\u00e1n t\u00f6rt\u00e9n\u0151 megb\u00edz\u00e1s is \u2013 szem\u00e9lyes adatok feldolgoz\u00e1s\u00e1t v\u00e9gzi.<\/p>\n\n\n\n<p class=\"has-base-3-background-color has-background\">4. <strong>Adatkezel\u00e9s<\/strong>: az alkalmazott elj\u00e1r\u00e1st\u00f3l f\u00fcggetlen\u00fcl a szem\u00e9lyes adatokon v\u00e9gzett b\u00e1rmely m\u0171velet vagy a m\u0171veletek \u00f6sszess\u00e9ge, \u00edgy p\u00e9ld\u00e1ul gy\u0171jt\u00e9se, felv\u00e9tele, r\u00f6gz\u00edt\u00e9se, rendszerez\u00e9se, t\u00e1rol\u00e1sa, megv\u00e1ltoztat\u00e1sa, felhaszn\u00e1l\u00e1sa, tov\u00e1bb\u00edt\u00e1sa, nyilv\u00e1noss\u00e1gra hozatala, \u00f6sszehangol\u00e1sa vagy \u00f6sszekapcsol\u00e1sa, z\u00e1rol\u00e1sa, t\u00f6rl\u00e9se, \u00e9s megsemmis\u00edt\u00e9se, valamint az adatok tov\u00e1bbi felhaszn\u00e1l\u00e1s\u00e1nak megakad\u00e1lyoz\u00e1sa. Adatkezel\u00e9snek sz\u00e1m\u00edt a f\u00e9nyk\u00e9p-, hang- vagy k\u00e9pfelv\u00e9tel k\u00e9sz\u00edt\u00e9se, valamint a szem\u00e9lyes azonos\u00edt\u00e1sra alkalmas fizikai jellemz\u0151k (pl. ujj- vagy teny\u00e9rnyomat, DNS-minta, \u00edriszk\u00e9p) r\u00f6gz\u00edt\u00e9se is.<\/p>\n\n\n\n<p class=\"has-base-3-background-color has-background\">5. <strong>Adatkezel\u0151<\/strong>: az a term\u00e9szetes vagy jogi szem\u00e9ly illetve jogi szem\u00e9lyis\u00e9ggel nem rendelkez\u0151 szervezet, aki vagy amely a szem\u00e9lyes adatok kezel\u00e9s\u00e9nek c\u00e9lj\u00e1t meghat\u00e1rozza, az adatkezel\u00e9sre (bele\u00e9rtve a felhaszn\u00e1lt eszk\u00f6zt) vonatkoz\u00f3 d\u00f6nt\u00e9seket meghozza \u00e9s v\u00e9grehajtja, vagy az \u00e1ltala megb\u00edzott adatfeldolgoz\u00f3val v\u00e9grehajtatja.<\/p>\n\n\n\n<p class=\"has-base-3-background-color has-background\">6. <strong>Adatv\u00e9delmi incidens<\/strong>: a biztons\u00e1g s\u00e9r\u00fcl\u00e9se, amely a tov\u00e1bb\u00edtott, t\u00e1rolt vagy m\u00e1s m\u00f3don kezelt szem\u00e9lyes adatok v\u00e9letlen vagy jogellenes megsemmis\u00edt\u00e9s\u00e9t, elveszt\u00e9s\u00e9t, megv\u00e1ltoztat\u00e1s\u00e1t, jogosulatlan k\u00f6zl\u00e9s\u00e9t vagy az azokhoz val\u00f3 jogosulatlan hozz\u00e1f\u00e9r\u00e9st eredm\u00e9nyezi.<\/p>\n\n\n\n<p class=\"has-base-3-background-color has-background\">7. <strong>Adatmegsemmis\u00edt\u00e9s<\/strong>: az adatok vagy azokat tartalmaz\u00f3 adathordoz\u00f3 teljes fizikai megsemmis\u00edt\u00e9se.<\/p>\n\n\n\n<p class=\"has-base-3-background-color has-background\">8. <strong>Adattov\u00e1bb\u00edt\u00e1s<\/strong>: ha az adatot meghat\u00e1rozott harmadik szem\u00e9ly sz\u00e1m\u00e1ra hozz\u00e1f\u00e9rhet\u0151v\u00e9 teszik.<\/p>\n\n\n\n<p class=\"has-base-3-background-color has-background\">9<strong>.<\/strong><strong> <\/strong><strong>Adatt\u00f6rl\u00e9s<\/strong>: az adatok felismerhetetlenn\u00e9 t\u00e9tele oly, m\u00f3don, hogy a helyre\u00e1ll\u00edt\u00e1suk t\u00f6bb\u00e9 nem lehets\u00e9ges.<\/p>\n\n\n\n<p class=\"has-base-3-background-color has-background\">10. <strong>Adatz\u00e1rol\u00e1s<\/strong>: az adatok tov\u00e1bb\u00edt\u00e1s\u00e1nak, megismer\u00e9s\u00e9nek, nyilv\u00e1noss\u00e1gra hozatal\u00e1nak, \u00f6sszekapcsol\u00e1s\u00e1nak vagy \u00f6sszehangol\u00e1s\u00e1nak \u00e9s felhaszn\u00e1l\u00e1s\u00e1nak v\u00e9glegesen vagy meghat\u00e1rozott id\u0151re t\u00f6rt\u00e9n\u0151 lehetetlen\u00e9 t\u00e9tele.<\/p>\n\n\n\n<p class=\"has-base-3-background-color has-background\">11. <strong>\u00c1SZF<\/strong>: a weboldalon k\u00f6zz\u00e9tett, az adatkezel\u0151 term\u00e9k- \u00e9s szolg\u00e1ltat\u00e1s\u00e9rt\u00e9kes\u00edt\u00e9si szab\u00e1lyait r\u00f6gz\u00edt\u0151 \u00c1ltal\u00e1nos Szerz\u0151d\u00e9si Felt\u00e9telek.<\/p>\n\n\n\n<p class=\"has-base-3-background-color has-background\">12. <strong>Azonos\u00edthat\u00f3 term\u00e9szetes szem\u00e9ly<\/strong>: term\u00e9szetes szem\u00e9ly, aki k\u00f6zvetlen vagy k\u00f6zvetett m\u00f3don, valamely azonos\u00edt\u00f3, p\u00e9ld\u00e1ul: n\u00e9v, azonos\u00edt\u00f3 sz\u00e1m, helymeghat\u00e1roz\u00f3 adat, online azonos\u00edt\u00f3, fizikai, fiziol\u00f3giai, genetikai, szellemi gazdas\u00e1gi, kultur\u00e1lis vagy szoci\u00e1lis azonoss\u00e1g\u00e1ra vonatkoz\u00f3 egy vagy t\u00f6bb t\u00e9nyez\u0151 alapj\u00e1n azonos\u00edthat\u00f3.<\/p>\n\n\n\n<p class=\"has-base-3-background-color has-background\">13. <strong>C\u00edmzett<\/strong>: term\u00e9szetes vagy jogi szem\u00e9ly, k\u00f6zhatalmi szerv, \u00fcgyn\u00f6ks\u00e9g vagy b\u00e1rmely egy\u00e9b szerv, amellyel a szem\u00e9lyes adatot k\u00f6zlik, f\u00fcggetlen\u00fcl att\u00f3l, hogy harmadik f\u00e9l-e.<\/p>\n\n\n\n<p class=\"has-base-3-background-color has-background\">14. <strong>\u00c9rintett hozz\u00e1j\u00e1rul\u00e1sa<\/strong>: az \u00e9rintett akarat\u00e1nak \u00f6nk\u00e9ntes, konkr\u00e9t, megfelel\u0151 t\u00e1j\u00e9koztat\u00e1son alapul\u00f3, egy\u00e9rtelm\u0171 kinyilv\u00e1n\u00edt\u00e1sa, amellyel az \u00e9rintett nyilatkozat vagy a meger\u0151s\u00edt\u00e9st f\u00e9lre\u00e9rthetetlen\u00fcl kifejez\u0151 cselekedet \u00fatj\u00e1n jelzi, hogy beleegyez\u00e9s\u00e9t adja az \u0151t \u00e9rint\u0151 szem\u00e9lyes adatok kezel\u00e9s\u00e9hez.<\/p>\n\n\n\n<p class=\"has-base-3-background-color has-background\">15. <strong>\u00c9rintett<\/strong>: b\u00e1rmely inform\u00e1ci\u00f3 alapj\u00e1n azonos\u00edtott vagy azonos\u00edthat\u00f3 term\u00e9szetes szem\u00e9ly.<\/p>\n\n\n\n<p class=\"has-base-3-background-color has-background\">16. <strong>Felhaszn\u00e1l\u00f3k<\/strong>: az adatkezel\u0151 \u00e1ltal \u00fczemeltetett weboldalon \u00e9s az ott meghat\u00e1rozott egy\u00e9b c\u00edmeken el\u00e9rhet\u0151 weboldalak l\u00e1togat\u00f3i.<\/p>\n\n\n\n<p class=\"has-base-3-background-color has-background\">17. <strong>Harmadik szem\u00e9ly<\/strong>: olyan term\u00e9szetes vagy jogi szem\u00e9ly illetve jogi szem\u00e9lyis\u00e9ggel nem rendelkez\u0151 szervezet, amely vagy aki nem azonos az \u00e9rintettel, az adatkezel\u0151vel vagy az adatfeldolgoz\u00f3val.<\/p>\n\n\n\n<p class=\"has-base-3-background-color has-background\">18. <strong>Hozz\u00e1j\u00e1rul\u00e1s<\/strong>: az \u00e9rintett k\u00edv\u00e1ns\u00e1g\u00e1nak \u00f6nk\u00e9ntes \u00e9s hat\u00e1rozott kinyilv\u00e1n\u00edt\u00e1sa, amely megfelel\u0151 t\u00e1j\u00e9koztat\u00e1son alapul, \u00e9s amellyel f\u00e9lre\u00e9rthetetlen beleegyez\u00e9s\u00e9t adja a r\u00e1 vonatkoz\u00f3 szem\u00e9lyes adatok \u2013 teljes k\u00f6r\u0171 vagy egyes m\u0171veletekre kiterjed\u0151 \u2013 kezel\u00e9s\u00e9hez.<\/p>\n\n\n\n<p class=\"has-base-3-background-color has-background\">19. <strong>K\u00fcl\u00f6nleges adat<\/strong>: a faji eredetre, a nemzeti \u00e9s etnikai kissebs\u00e9ghez tartoz\u00e1sra, a politikai v\u00e9lem\u00e9nyre vagy p\u00e1rt\u00e1ll\u00e1sra, a vall\u00e1sos vagy m\u00e1s vil\u00e1gn\u00e9zeti meggy\u0151z\u0151d\u00e9sre, az \u00e9rdekk\u00e9pviseleti szervezeti tags\u00e1gra, az eg\u00e9szs\u00e9gi \u00e1llapotra, a k\u00f3ros szenved\u00e9lyre, a szexu\u00e1lis \u00e9letre vonatkoz\u00f3 adat, valamint a b\u0171n\u00fcgyi szem\u00e9lyes adat.<\/p>\n\n\n\n<p class=\"has-base-3-background-color has-background\">20. <strong>Nyilv\u00e1noss\u00e1gra hozatal<\/strong>: ha az adatot b\u00e1rki sz\u00e1m\u00e1ra hozz\u00e1f\u00e9rhet\u0151v\u00e9 teszik.<\/p>\n\n\n\n<p class=\"has-base-3-background-color has-background\">21. <strong>Partner\/\u00dcgyf\u00e9l<\/strong>: term\u00e9szetes szem\u00e9ly, aki az adatkezel\u0151vel nem weboldalon k\u00f6t szerz\u0151d\u00e9st term\u00e9k \u00e9rt\u00e9kes\u00edt\u00e9s\u00e9re vagy szolg\u00e1ltat\u00e1s ny\u00fajt\u00e1s\u00e1ra.<\/p>\n\n\n\n<p class=\"has-base-3-background-color has-background\">22. <strong>Regisztr\u00e1ci\u00f3<\/strong>: a szolg\u00e1ltat\u00e1st ig\u00e9nybe vev\u0151 azonos\u00edt\u00e1shoz sz\u00fcks\u00e9ges \u00e9s el\u00e9gs\u00e9ges azonos\u00edt\u00f3 adatok megad\u00e1sa az adatkezel\u0151 r\u00e9sz\u00e9re.<\/p>\n\n\n\n<p class=\"has-base-3-background-color has-background\">23. <strong>Szem\u00e9lyes adat<\/strong>: b\u00e1rmely meghat\u00e1rozott (azonos\u00edtott vagy azonos\u00edthat\u00f3) term\u00e9szetes szem\u00e9llyel (a tov\u00e1bbiakban: \u201e\u00c9rintett\u201d) kapcsolatba hozhat\u00f3 adat, az adatb\u00f3l levonhat\u00f3, az \u00e9rintettre vonatkoz\u00f3 k\u00f6vetkeztet\u00e9s. A szem\u00e9lyes adat az adatkezel\u00e9s sor\u00e1n mindaddig meg\u0151rzi e min\u0151s\u00e9g\u00e9t, am\u00edg kapcsolata az \u00e9rintettel helyre\u00e1ll\u00edthat\u00f3. A szem\u00e9ly k\u00fcl\u00f6n\u00f6sen akkor tekinthet\u0151 azonos\u00edthat\u00f3nak, ha \u0151t \u2013 k\u00f6zvetlen\u00fcl vagy k\u00f6zvetve \u2013 n\u00e9v, azonos\u00edt\u00f3jel, illet\u0151leg egy vagy t\u00f6bb, fizikai, fiziol\u00f3giai, ment\u00e1lis, gazdas\u00e1gi, kultur\u00e1lis vagy szoci\u00e1lis azonoss\u00e1gra jellemz\u0151 t\u00e9nyez\u0151 alapj\u00e1n azonos\u00edtani lehet.<\/p>\n\n\n\n<p class=\"has-base-3-background-color has-background\">24. <strong>Szolg\u00e1ltat\u00e1s<\/strong>: az adatkezel\u0151 \u00e1ltal \u00fcgyfelei, partnerei \u00e9s felhaszn\u00e1l\u00f3i r\u00e9sz\u00e9re a weboldalon vagy egy\u00e9b m\u00f3don ny\u00fajtott, az \u00c1SZF-ben r\u00e9szletezett term\u00e9k\u00e9rt\u00e9kes\u00edt\u00e9si \u00e9s egy\u00e9b szolg\u00e1ltat\u00e1sok.<\/p>\n\n\n\n<p class=\"has-base-3-background-color has-background\">25. <strong>Tiltakoz\u00e1s<\/strong>: az \u00e9rintett nyilatkozata, amellyel szem\u00e9lyes adatainak kezel\u00e9s\u00e9t kifog\u00e1solja, \u00e9s az adatkezel\u00e9s megsz\u00fcntet\u00e9s\u00e9t, illetve a kezelt adatok t\u00f6rl\u00e9s\u00e9t k\u00e9ri.<\/p>\n\n\n\n<p class=\"has-base-3-background-color has-background\">26. <strong>Weboldal\/web\u00e1ruh\u00e1z<\/strong>: az adatkezel\u0151 \u00e1ltal \u00fczemeltetett weboldal\/web\u00e1ruh\u00e1z \u00e9s az ott meghat\u00e1rozott egy\u00e9b c\u00edmeken el\u00e9rhet\u0151 weboldalai.<\/p>\n\n\n\n<p class=\"has-base-3-background-color has-background\"><strong>3. Adatkezel\u0151:<\/strong><strong><\/strong><\/p>\n\n\n\n<ul class=\"wp-block-list\">\n<li>Neve: <strong>Gr\u0151bern\u00e9 Solymosi M\u00f3nika<\/strong><\/li>\n\n\n\n<li>Sz\u00e9khelye: <strong>8400 Ajka, Bessenyei utca 12.<\/strong><\/li>\n\n\n\n<li>Ad\u00f3sz\u00e1m: <strong>8438931952<\/strong><\/li>\n\n\n\n<li>M\u00e9n\u00e1llom\u00e1s neve: <strong>Rosa Horses MF<\/strong><\/li>\n\n\n\n<li>M\u00e9n\u00e1llom\u00e1s k\u00f3dja: <strong>6330<\/strong><\/li>\n<\/ul>\n\n\n\n<p class=\"has-base-3-background-color has-background\">Honlap c\u00edme: <strong>www.rosahorses.hu<\/strong><\/p>\n\n\n\n<p class=\"has-base-3-background-color has-background\">E-mail: <strong>info@rosahorses.hu<\/strong><\/p>\n\n\n\n<p class=\"has-base-3-background-color has-background\">Telefonsz\u00e1ma: <strong>+3630 7522 225<\/strong><\/p>\n\n\n\n<p class=\"has-base-3-background-color has-background\"><strong>4. A kezelt szem\u00e9lyes adatok k\u00f6re:<\/strong><strong><\/strong><\/p>\n\n\n\n<p class=\"has-base-3-background-color has-background\"><strong>4.1.A. Regisztr\u00e1ci\u00f3 sor\u00e1n megadand\u00f3 szem\u00e9lyes adatok<\/strong><strong><\/strong><\/p>\n\n\n\n<ul class=\"wp-block-list\">\n<li>saj\u00e1t e-mail c\u00edm<\/li>\n\n\n\n<li>felhaszn\u00e1l\u00f3n\u00e9v<\/li>\n\n\n\n<li>jelsz\u00f3<\/li>\n\n\n\n<li>sz\u00e1ml\u00e1z\u00e1si c\u00edm (sz\u00e1ml\u00e1z\u00e1si n\u00e9v, utca n\u00e9v, h\u00e1zsz\u00e1m, telep\u00fcl\u00e9s, ir\u00e1ny\u00edt\u00f3sz\u00e1m)<\/li>\n\n\n\n<li>sz\u00e1ll\u00edt\u00e1si c\u00edm (sz\u00e1ll\u00edt\u00e1si n\u00e9v, utca n\u00e9v, h\u00e1zsz\u00e1m, telep\u00fcl\u00e9s, ir\u00e1ny\u00edt\u00f3sz\u00e1m)<\/li>\n\n\n\n<li>telefonsz\u00e1m (\u00fcgyint\u00e9z\u00e9skori kapcsolatfelv\u00e9tel c\u00e9lj\u00e1b\u00f3l)<\/li>\n<\/ul>\n\n\n\n<p class=\"has-base-3-background-color has-background\"><strong>4.1.B.<\/strong><strong> <\/strong><strong>Vend\u00e9gv\u00e1s\u00e1rl\u00f3k \u00e1ltal megadand\u00f3 szem\u00e9lyes adatok<\/strong><strong><\/strong><\/p>\n\n\n\n<ul class=\"wp-block-list\">\n<li>N\u00e9v:<ul><li>Telefonsz\u00e1m:<\/li><\/ul><ul><li>E-mail c\u00edm:<\/li><\/ul>\n<ul class=\"wp-block-list\">\n<li>sz\u00e1ml\u00e1z\u00e1si c\u00edm:<\/li>\n<\/ul>\n<\/li>\n<\/ul>\n\n\n\n<p class=\"has-base-3-background-color has-background\"><strong>4.2. Fedezend\u0151 kanc\u00e1kr\u00f3l megadand\u00f3 adatok<\/strong><strong><\/strong><\/p>\n\n\n\n<ul class=\"wp-block-list\">\n<li>N\u00e9v:<ul><li>L\u00f3azonos\u00edt\u00f3 sz\u00e1m:<\/li><\/ul>\n<ul class=\"wp-block-list\">\n<li>sz\u00fclet\u00e9si d\u00e1tum<\/li>\n<\/ul>\n<\/li>\n<\/ul>\n\n\n\n<p class=\"has-base-3-background-color has-background\"><strong>4.3 Technikai adatok<\/strong><strong><\/strong><\/p>\n\n\n\n<p class=\"has-base-3-background-color has-background\">Az adatkezel\u0151 a szem\u00e9lyes adatok kezel\u00e9s\u00e9hez a szolg\u00e1ltat\u00e1s ny\u00fajt\u00e1sa sor\u00e1n alkalmazott informatikai eszk\u00f6z\u00f6ket \u00fagy v\u00e1lasztja meg \u00e9s \u00fczemelteti, hogy a kezelt adat:<\/p>\n\n\n\n<ul class=\"wp-block-list\">\n<li>az arra feljogos\u00edtottak sz\u00e1m\u00e1ra hozz\u00e1f\u00e9rhet\u0151 (rendelkez\u00e9sre \u00e1ll\u00e1s)<\/li>\n\n\n\n<li>hiteless\u00e9ge \u00e9s hiteles\u00edt\u00e9se biztos\u00edtott (adatkezel\u00e9s hiteless\u00e9ge)<\/li>\n\n\n\n<li>v\u00e1ltozatlans\u00e1ga igazolhat\u00f3 (adatintegrit\u00e1s) legyen.<\/li>\n<\/ul>\n\n\n\n<p class=\"has-base-3-background-color has-background\"><strong>4.4. Cookie-k (S\u00fctik)<\/strong><strong><\/strong><\/p>\n\n\n\n<p class=\"has-base-3-background-color has-background\">A cookie-k olyan kism\u00e9ret\u0171 sz\u00f6vegf\u00e1jlok, melyeket a webhely t\u00e1rol el az oldalaikra l\u00e1togat\u00f3 felhaszn\u00e1l\u00f3 sz\u00e1m\u00edt\u00f3g\u00e9p\u00e9n, illetve mobilk\u00e9sz\u00fcl\u00e9k\u00e9n.<\/p>\n\n\n\n<p class=\"has-base-3-background-color has-background\"><strong>4.4.1. Adatv\u00e9delem\/S\u00fctik (Cookie-k) haszn\u00e1lata<\/strong><strong><\/strong><\/p>\n\n\n\n<p class=\"has-base-3-background-color has-background\">A szolg\u00e1ltat\u00e1s ig\u00e9nybev\u00e9tel\u00e9hez s\u00fctik (cookie-k) enged\u00e9lyez\u00e9se sz\u00fcks\u00e9ges. A s\u00fctik feladata:<\/p>\n\n\n\n<ul class=\"wp-block-list\">\n<li>inform\u00e1ci\u00f3kat gy\u0171jtenek a l\u00e1togat\u00f3kr\u00f3l \u00e9s eszk\u00f6zeikr\u0151l<\/li>\n\n\n\n<li>megjegyzik a l\u00e1togat\u00f3k egy\u00e9ni be\u00e1ll\u00edt\u00e1sait, amelyek felhaszn\u00e1l\u00e1sra ker\u00fcl(het)nek pl. online tranzakci\u00f3k ig\u00e9nybev\u00e9telekor, \u00edgy nem kell \u00fajra beg\u00e9pelni \u0151ket<\/li>\n\n\n\n<li>megk\u00f6nny\u00edtik a weboldal haszn\u00e1lat\u00e1t<\/li>\n\n\n\n<li>min\u0151s\u00e9gi felhaszn\u00e1l\u00f3i \u00e9lm\u00e9nyt biztos\u00edtanak.<\/li>\n<\/ul>\n\n\n\n<p class=\"has-base-3-background-color has-background\">A holnap b\u00f6ng\u00e9sz\u00e9se folyam\u00e1n r\u00f6gz\u00edt\u00e9sre ker\u00fcl\u0151 inform\u00e1ci\u00f3k technikai inform\u00e1ci\u00f3k (pl. IP c\u00edm, l\u00e1togat\u00e1si id\u0151tartama) statisztikai c\u00e9lokat szolg\u00e1lnak, melyek szem\u00e9lyes azonos\u00edt\u00e1sra nem haszn\u00e1lhat\u00f3ak.<\/p>\n\n\n\n<p class=\"has-base-3-background-color has-background\">A web\u00e1ruh\u00e1z a haszn\u00e1lata sor\u00e1n a rendelkez\u00e9s\u00e9re bocs\u00e1tott szem\u00e9lyes adatokat bizalmasan kazali, harmadik f\u00e9l r\u00e9szre nem adja tov\u00e1bb. Ez al\u00f3l kiv\u00e9telt k\u00e9peznek azon alv\u00e1llalkoz\u00f3k, melyek k\u00f6zrem\u0171k\u00f6d\u00e9se n\u00e9lk\u00fcl \u00dcgyfeleink megrendel\u00e9sei nem kivitelezhet\u0151ek, ilyenek pl. a fut\u00e1rszolg\u00e1latok.<\/p>\n\n\n\n<p class=\"has-base-3-background-color has-background\">Amennyiben nem szeretn\u00e9 enged\u00e9lyezni a cookie-k haszn\u00e1lat\u00e1t, letilthatja a b\u00f6ng\u00e9sz\u0151je be\u00e1ll\u00edt\u00e1saiban. Cookie-k tilt\u00e1sa eset\u00e9n azonban a szolg\u00e1ltat\u00e1s bizonyos elemei csak r\u00e9szben, vagy egy\u00e1ltal\u00e1n nem haszn\u00e1lhat\u00f3ak.<\/p>\n\n\n\n<p class=\"has-base-3-background-color has-background\"><strong>4.4.2. Alkalmazott cookie-k<\/strong><strong><\/strong><\/p>\n\n\n\n<p class=\"has-base-3-background-color has-background\"><strong>4.4.2.1 Elengedhetetlen munkamenet (session-id) \u201es\u00fctik\u201d<\/strong><strong><\/strong><\/p>\n\n\n\n<p class=\"has-base-3-background-color has-background\">Ezek haszn\u00e1lata elengedhetetlen a weboldalon t\u00f6rt\u00e9n\u0151 navig\u00e1l\u00e1shoz, a weboldal funkci\u00f3inak m\u0171k\u00f6d\u00e9s\u00e9hez. Ezek elfogad\u00e1sa n\u00e9lk\u00fcl a holnap, illetve annak egyes r\u00e9szei nem, vagy hib\u00e1san jelenhetnek meg.<\/p>\n\n\n\n<p class=\"has-base-3-background-color has-background\"><strong>4.4.2.2. Analitikai vagy teljes\u00edtm\u00e9nyfigyel\u0151 \u201es\u00fctik\u201d<\/strong><strong><\/strong><\/p>\n\n\n\n<p class=\"has-base-3-background-color has-background\">Ezek seg\u00edtenek abban, hogy megk\u00fcl\u00f6nb\u00f6ztess\u00fck a weboldal l\u00e1togat\u00f3it, \u00e9s adatokat gy\u0171jts\u00fcnk arr\u00f3l, hogy a l\u00e1togat\u00f3k hogyan viselkednek a weboldalon. Ezekkel a \u201es\u00fctikkel\u201d biztos\u00edtjuk p\u00e9ld\u00e1ul, hogy a weboldal az \u00d6n \u00e1ltal k\u00e9rt esetekben megjegyezze a bejelentkez\u00e9st. Ezek nem gy\u0171jtenek \u00d6nt azonos\u00edtani k\u00e9pes inform\u00e1ci\u00f3kat, az adatokat \u00f6sszes\u00edtve \u00e9s n\u00e9vtelen\u00fcl t\u00e1rolj\u00e1k. (pl: Google Analitika)<\/p>\n\n\n\n<p class=\"has-base-3-background-color has-background\"><strong>4.4.2.3. Funkcion\u00e1lis \u201es\u00fctik\u201d<\/strong><strong><\/strong><\/p>\n\n\n\n<p class=\"has-base-3-background-color has-background\">E s\u00fctik feladata a felhaszn\u00e1l\u00f3i \u00e9lm\u00e9ny jav\u00edt\u00e1sa. \u00c9szlelik, \u00e9s t\u00e1rolj\u00e1k p\u00e9ld\u00e1ul, hogy milyen eszk\u00f6zzel nyitotta meg a honlapot, vagy az \u00d6n \u00e1ltal kor\u00e1bban megadott, \u00e9s t\u00e1rolni k\u00e9rt adatait: p\u00e9ld\u00e1ul automatikus bejelentkez\u00e9s, a v\u00e1lasztott nyelv, a sz\u00f6vegm\u00e9retben, bet\u0171t\u00edpusban vagy a honlap egy\u00e9b testre szabhat\u00f3 elem\u00e9ben \u00d6n \u00e1ltal v\u00e9grehajtott felhaszn\u00e1l\u00f3i v\u00e1ltoztat\u00e1sok. Ezek a \u201es\u00fctik\u201d nem k\u00f6vetik nyomon az \u00d6n m\u00e1s weboldalakon folytatott tev\u00e9kenys\u00e9g\u00e9t. Az \u00e1ltaluk gy\u0171jt\u00f6tt inform\u00e1ci\u00f3kban lehetnek azonban szem\u00e9lyes azonos\u00edt\u00f3 adatok, amelyeket \u00d6n megosztott.<\/p>\n\n\n\n<p class=\"has-base-3-background-color has-background\"><strong>4.5.<\/strong>&nbsp;<strong>Cookie elfogad\u00e1s<\/strong><\/p>\n\n\n\n<p class=\"has-base-3-background-color has-background\">Az oldalra \u00e9rkez\u00e9skor a figyelmeztet\u0151 ablakokban elfogadja a cookie-k t\u00e1rol\u00e1s\u00e1r\u00f3l sz\u00f3l\u00f3 nyilatkozatot. \u00c9lettartama 365 nap.<\/p>\n\n\n\n<p class=\"has-base-3-background-color has-background\">Amennyiben \u00d6n nem fogadja el a cookie-k haszn\u00e1lat\u00e1t, akkor bizonyos funkci\u00f3k nem lesznek el\u00e9rhet\u0151ek az \u00d6n sz\u00e1m\u00e1ra.<\/p>\n\n\n\n<p class=\"has-base-3-background-color has-background\">A cookie-k t\u00f6rl\u00e9s\u00e9r\u0151l b\u0151vebb t\u00e1j\u00e9koztat\u00e1st az al\u00e1bbi linkeken tal\u00e1lhat:<\/p>\n\n\n\n<ol class=\"wp-block-list\">\n<li>Internet Explorer: http:\/\/windows.microsoft.com\/en-us\/internet-explorer\/delete-manage-cookies#ie=ie-11<\/li>\n\n\n\n<li>Mozilla Firefox: https:\/\/support.mozilla.org\/hu\/kb\/weboldalak-altal-elhelyezett-sutik-torlese-szamito<\/li>\n\n\n\n<li>Chrome: https:\/\/support.google.come\/chrome\/answer\/95647<\/li>\n<\/ol>\n\n\n\n<p class=\"has-base-3-background-color has-background\"><strong>5. Adattov\u00e1bb\u00edt\u00e1s<\/strong><strong><\/strong><\/p>\n\n\n\n<p class=\"has-base-3-background-color has-background\"><strong>5.1.<\/strong>&nbsp;Az adattov\u00e1bb\u00edt\u00e1ssal \u00e9rintettek k\u00f6re: a webhelyen a megrendel\u00e9s sor\u00e1n online fizet\u00e9si m\u00f3dot v\u00e1laszt\u00f3 felhaszn\u00e1l\u00f3k a webhely \u00e1ltal biztos\u00edtott egy\u00e9b szolg\u00e1ltat\u00e1sok ig\u00e9nybev\u00e9tel\u00e9t\u0151l f\u00fcggetlen\u00fcl.<\/p>\n\n\n\n<p class=\"has-base-3-background-color has-background\"><strong>5.2. Az adattov\u00e1bb\u00edt\u00e1s c\u00edmzettje:<\/strong><strong><\/strong><\/p>\n\n\n\n<p class=\"has-base-3-background-color has-background\"><strong><em><strong><em>fizet\u00e9si szolg\u00e1ltat\u00f3 adatai:<\/em><\/strong><\/em><\/strong><strong><em><strong><em><\/em><\/strong><\/em><\/strong><\/p>\n\n\n\n<p class=\"has-base-3-background-color has-background\"><strong>5.3. Adattov\u00e1bb\u00edt\u00e1s jogalapja: <\/strong>a GDPR 6. cikk (1) bekezd\u00e9s\u00e9nek (f) pontja alapj\u00e1n a C\u00edmzett jogos \u00e9rdeke.<\/p>\n\n\n\n<p class=\"has-base-3-background-color has-background\">C\u00edmzett a r\u00e1 vonatkoz\u00f3 jogszab\u00e1lyok alapj\u00e1n csal\u00e1s-megel\u0151z\u00e9s \u00e9s &#8211; felder\u00edt\u0151 rendszer \u00fczemeltet\u00e9s\u00e9re k\u00f6teles a fizet\u00e9si szolg\u00e1ltat\u00e1s ny\u00fajt\u00e1s\u00e1val kapcsolatban, \u00e9s az ehhez sz\u00fcks\u00e9ges szem\u00e9lyes adatokat jogosult kezelni. C\u00edmzett kialak\u00edtotta a jogszab\u00e1lyi k\u00f6telezetts\u00e9g\u00e9nek megfelel\u0151 rendszert, melynek m\u0171k\u00f6dtet\u00e9s\u00e9hez az adatkezel\u0151 \u00e1ltali adattov\u00e1bb\u00edt\u00e1s sz\u00fcks\u00e9ges. Ennek megfelel\u0151en a C\u00edmzett jogos \u00e9rdeke, hogy a jogszab\u00e1lyi k\u00f6telezetts\u00e9g\u00e9nek teljes\u00edt\u00e9se \u00e9rdek\u00e9ben a csal\u00e1s-megel\u0151z\u0151 \u00e9s &#8211; felder\u00edt\u0151 rendszer \u00fczemeltetni tudja. A C\u00edmzettre vonatkoz\u00f3 hivatkozott jogszab\u00e1lyi rendelkez\u00e9sek: &#8211; a hitelint\u00e9zetekr\u0151l \u00e9s a p\u00e9nz\u00fcgyi a v\u00e1llalkoz\u00e1sokr\u00f3l sz\u00f3l\u00f3 2013. \u00e9vi CCXXXVII. t\u00f6rv\u00e9ny 165.\u00a7 (5) bekezd\u00e9se, &#8211; az egyes fizet\u00e9si szolg\u00e1ltat\u00f3kr\u00f3l sz\u00f3l\u00f3 2013. \u00e9vi CCXXXV. t\u00f6rv\u00e9ny 92\/A. \u00a7 (3) bekezd\u00e9s f) pontja, &#8211; a p\u00e9nzforgalmi szolg\u00e1ltat\u00e1s ny\u00fajt\u00e1s\u00e1r\u00f3l sz\u00f3l\u00f3 20089. \u00e9vi LXXXV. t\u00f6rv\u00e9ny 14. \u00a7 (1) bekezd\u00e9s v) pontja.<\/p>\n\n\n\n<p class=\"has-base-3-background-color has-background\">Adatkezel\u0151 \u00e9s a C\u00edmzett k\u00f6z\u00f6s \u00e9rdeke a csal\u00e1smegel\u0151z\u00e9s, az online fizet\u00e9sek megfelel\u0151 m\u0171k\u00f6d\u00e9s\u00e9nek biztos\u00edt\u00e1sa. Mindk\u00e9t szervezet f\u0151 bev\u00e9teli forr\u00e1s\u00e1hoz kapcsol\u00f3dik a fizet\u00e9si szolg\u00e1ltat\u00e1s megfelel\u0151 m\u0171k\u00f6d\u00e9se. &nbsp;Mindemellett Felhaszn\u00e1l\u00f3 is mindez, k\u00fcl\u00f6n\u00f6sen a bankk\u00e1rty\u00e1s adatokkal val\u00f3 vissza\u00e9l\u00e9s elker\u00fcl\u00e9se.<\/p>\n\n\n\n<p class=\"has-base-3-background-color has-background\">Az adattov\u00e1bb\u00edt\u00e1s lehet\u0151v\u00e9 teszi a csal\u00e1sok kisz\u0171r\u00e9s\u00e9t, felder\u00edt\u00e9s\u00e9t a fizet\u00e9si folyamat sor\u00e1n esetlegesen felmer\u00fcl\u0151 akad\u00e1lyok elh\u00e1r\u00edt\u00e1s\u00e1t.<\/p>\n\n\n\n<p class=\"has-base-3-background-color has-background\">Felhaszn\u00e1l\u00f3 foglal\u00e1s\/megrendel\u00e9s sor\u00e1n kezelt adatainak k\u00f6r\u00e9b\u0151l ker\u00fcl tov\u00e1bb\u00edt\u00e1sra az adatok titkos\u00edtott adatforgalm\u00e1t biztos\u00edt\u00f3 elektronikus csatorn\u00e1n kereszt\u00fcl, kiz\u00e1r\u00f3lag a C\u00edmzett r\u00e9sz\u00e9re \u00e9s csak az online bankk\u00e1rty\u00e1s fizet\u00e9s megt\u00f6rt\u00e9nte eset\u00e9n, melyek a C\u00edmzett m\u00e1s c\u00e9lra nem haszn\u00e1l fel. Mindebb\u0151l k\u00f6vetkezik, hogy az adattov\u00e1bb\u00edt\u00e1s Felhaszn\u00e1l\u00f3ra n\u00e9zve jelent\u0151s kock\u00e1zattal nem j\u00e1r, tov\u00e1bbi \u00e9rz\u00e9kelhet\u0151 hat\u00e1st nem gyakorol r\u00e1.<\/p>\n\n\n\n<p class=\"has-base-3-background-color has-background\">Az adatok tov\u00e1bb\u00edt\u00e1sa sz\u00fcks\u00e9ges az itt \u00edrt c\u00e9lok el\u00e9r\u00e9s\u00e9hez, \u00e9s alkalmas is a fizet\u00e9si szolg\u00e1ltat\u00e1s biztons\u00e1gosabb\u00e1 t\u00e9tel\u00e9re.<\/p>\n\n\n\n<p class=\"has-base-3-background-color has-background\">Figyelembe v\u00e9ve a fentieket, illetve a be\u00e9p\u00edtett garanci\u00e1lis int\u00e9zked\u00e9seket, az adattov\u00e1bb\u00edt\u00e1s nem jelent indokolatlan m\u00e9rt\u00e9k\u0171 beavatkoz\u00e1st a Felhaszn\u00e1l\u00f3k mag\u00e1n\u00e9let\u00e9be, ez\u00e9rt az adatok tov\u00e1bb\u00edt\u00e1sa sz\u00fcks\u00e9ges \u00e9s ar\u00e1nyos adatkezel\u00e9si m\u0171velet.<\/p>\n\n\n\n<p class=\"has-base-3-background-color has-background\"><strong>5.4. A tov\u00e1bb\u00edtott adatok k\u00f6re:<\/strong><\/p>\n\n\n\n<p class=\"has-base-3-background-color has-background\">-a v\u00e1s\u00e1rl\u00e1s sor\u00e1n fizetend\u0151 \u00f6sszeg, vezet\u00e9kn\u00e9v, keresztn\u00e9v, e-mail c\u00edm<\/p>\n\n\n\n<p class=\"has-base-3-background-color has-background\">A fizet\u00e9s sor\u00e1n megadott bankk\u00e1rtya adatokat felhaszn\u00e1l\u00f3 k\u00f6zvetlen\u00fcl a fizet\u00e9si szolg\u00e1ltat\u00f3nak adja meg, \u00edgy azok nem ker\u00fclnek Adatkezel\u0151 birtok\u00e1ba.<\/p>\n\n\n\n<p class=\"has-base-3-background-color has-background\"><strong>5.5.<\/strong>&nbsp;Az adattov\u00e1bb\u00edt\u00e1s c\u00e9lja: A fizet\u00e9si szolg\u00e1ltat\u00e1s megfelel\u0151 m\u0171k\u00f6dtet\u00e9se \u00e9s a fizet\u00e9s technikai vett lebonyol\u00edt\u00e1sa, a tranzakci\u00f3k visszaigazol\u00e1sa, a felhaszn\u00e1l\u00f3k \u00e9rdekei v\u00e9delme \u00e9rdek\u00e9ben v\u00e9gzett fraud-monitoring \u2013 az elektronikus \u00faton kezdem\u00e9nyezett &nbsp;banki tranzakci\u00f3k kontrollj\u00e1t t\u00e1mogat\u00f3 csal\u00e1s felder\u00edt\u0151 rendszer \u2013 m\u0171k\u00f6dtet\u00e9se, valamint Felhaszn\u00e1l\u00f3 r\u00e9sz\u00e9re t\u00f6rt\u00e9n\u0151 \u00fcgyf\u00e9lszolg\u00e1lati seg\u00edts\u00e9gny\u00fajt\u00e1s.<\/p>\n\n\n\n<p class=\"has-base-3-background-color has-background\"><strong>5.6.<\/strong>&nbsp;Adatkezel\u0151 \u00fczleti vagy marketing c\u00e9llal nem tov\u00e1bb\u00edt adatokat harmadik szem\u00e9lynek.<\/p>\n\n\n\n<p class=\"has-base-3-background-color has-background\"><strong>5.7.<\/strong>&nbsp;Adatkezel\u0151 a <strong>fut\u00e1rszolg\u00e1latnak<\/strong>&nbsp;tov\u00e1bb\u00edt a felhaszn\u00e1l\u00f3r\u00f3l c\u00edmadatokat, a fenti eseteken k\u00edv\u00fcl kiz\u00e1r\u00f3lag t\u00f6rv\u00e9nyes k\u00f6telezetts\u00e9g eset\u00e9n, hat\u00f3s\u00e1goknak tov\u00e1bb\u00edt adatokat.<\/p>\n\n\n\n<p class=\"has-base-3-background-color has-background\"><strong>6.<\/strong>&nbsp;<strong>Online rendel\u00e9shez kapcsol\u00f3d\u00f3 adatok<\/strong><\/p>\n\n\n\n<p class=\"has-base-3-background-color has-background\"><strong>6.1.<\/strong>&nbsp;<strong>Regisztr\u00e1ci\u00f3 (felhaszn\u00e1l\u00f3i fi\u00f3k l\u00e9trehoz\u00e1sa)<\/strong><strong><\/strong><\/p>\n\n\n\n<p class=\"has-base-3-background-color has-background\">Az adatgy\u0171jt\u00e9s t\u00e9nye, a kezelt adatok k\u00f6re \u00e9s az adatkezel\u00e9s c\u00e9ljai:<\/p>\n\n\n\n<figure class=\"wp-block-table\"><table class=\"has-fixed-layout\"><tbody><tr><td>Szem\u00e9lyes adat<\/td><td>Az adatkezel\u00e9s c\u00e9lja<\/td><td>Jogalap<\/td><\/tr><tr><td>Vezet\u00e9kn\u00e9v, keresztn\u00e9v<\/td><td>A kapcsolatfelv\u00e9telhez, a v\u00e1s\u00e1rl\u00e1shoz, kisz\u00e1ll\u00edt\u00e1shoz \u00e9s a szab\u00e1lyszer\u0171 sz\u00e1mla ki\u00e1ll\u00edt\u00e1s\u00e1hoz sz\u00fcks\u00e9ges.<\/td><td>&nbsp;<\/td><\/tr><tr><td>E-mail c\u00edm<\/td><td>Kapcsolattart\u00e1s, rendszer\u00fczenetek k\u00fcld\u00e9se, felhaszn\u00e1l\u00f3i fi\u00f3kba t\u00f6rt\u00e9n\u0151 bel\u00e9p\u00e9s<\/td><td rowspan=\"2\">&nbsp;a GDPR 6. cikk (1) bekezd\u00e9s a), b) pontja \u00e9s az Elker tv. 13\/A. \u00a7 (3) bekezd\u00e9s<\/td><\/tr><tr><td>\u00c9rtes\u00edt\u00e9si telefonsz\u00e1m<\/td><td>Azonos\u00edt\u00e1s, kapcsolattart\u00e1s<\/td><\/tr><tr><td>Jelsz\u00f3<\/td><td>A felhaszn\u00e1l\u00f3i fi\u00f3kba t\u00f6rt\u00e9n\u0151 biztons\u00e1gos bel\u00e9p\u00e9st szolg\u00e1lja.&nbsp;Megad\u00e1sa sz\u00fcks\u00e9ges, de a jelsz\u00f3t a rendszer nem t\u00e1rolja.&nbsp;<\/td><td>&nbsp;<\/td><\/tr><tr><td>Sz\u00e1ml\u00e1z\u00e1si n\u00e9v, c\u00edm(nem mag\u00e1nszem\u00e9ly eset\u00e9n sz\u00fcks\u00e9ges ad\u00f3sz\u00e1m is)<\/td><td>A szab\u00e1lyszer\u0171 sz\u00e1mla ki\u00e1ll\u00edt\u00e1sa, tov\u00e1bb\u00e1 a szerz\u0151d\u00e9s l\u00e9trehoz\u00e1sa, tartalm\u00e1nak meghat\u00e1roz\u00e1sa, teljes\u00edt\u00e9s\u00e9nek figyelemmel k\u00eds\u00e9r\u00e9se, az abb\u00f3l sz\u00e1rmaz\u00f3 d\u00edjak sz\u00e1ml\u00e1z\u00e1sa, valamint az azzal kapcsolatos k\u00f6vetel\u00e9sek \u00e9rv\u00e9nyes\u00edt\u00e9se.<\/td><td>6. cikk (1) bekezd\u00e9s c) pontja, \u00e9s a sz\u00e1mvitelr\u0151l sz\u00f3l\u00f3 2000. \u00e9vi C. t\u00f6rv\u00e9ny 169. \u00a7 (2) bekezd\u00e9se<\/td><\/tr><tr><td>Sz\u00e1ll\u00edt\u00e1si n\u00e9v \u00e9s c\u00edm<\/td><td>A h\u00e1zhoz sz\u00e1ll\u00edt\u00e1s lehet\u0151v\u00e9 t\u00e9tele.<\/td><td rowspan=\"3\">&nbsp;a GDPR 6. cikk (1) bekezd\u00e9s b) pontja \u00e9s az Elker tv. 13\/A. \u00a7 (3) bekezd\u00e9se<\/td><\/tr><tr><td>Kieg\u00e9sz\u00edt\u0151 adatok<\/td><td>A szolg\u00e1ltat\u00e1s teljes\u00edt\u00e9s\u00e9nek hat\u00e9konyabb\u00e1 t\u00e9tele.<\/td><\/tr><tr><td>A regisztr\u00e1ci\u00f3 id\u0151pontja<\/td><td>Technikai m\u0171velet v\u00e9grehajt\u00e1sa.<\/td><\/tr><\/tbody><\/table><\/figure>\n\n\n\n<p class=\"has-base-3-background-color has-background\">Az \u00e9rintettek k\u00f6re: a honlapon regisztr\u00e1lt valamennyi \u00e9rintett.<\/p>\n\n\n\n<p class=\"has-base-3-background-color has-background\"><strong>6.2.<\/strong>&nbsp;<strong>Web\u00e1ruh\u00e1z m\u0171k\u00f6dtet\u00e9s\u00e9hez\/szolg\u00e1ltat\u00e1s ig\u00e9nybev\u00e9tel\u00e9hez kapcsol\u00f3d\u00f3 adatkezel\u00e9s<\/strong><\/p>\n\n\n\n<p class=\"has-base-3-background-color has-background\">Az adatgy\u0171jt\u00e9s t\u00e9nye, a kezelt adatok k\u00f6re \u00e9s az adatkezel\u00e9s c\u00e9lja:<\/p>\n\n\n\n<figure class=\"wp-block-table\"><table class=\"has-fixed-layout\"><tbody><tr><td>Szem\u00e9lyes adat<\/td><td>Az adatkezel\u00e9s c\u00e9lja<\/td><td>Jogalap<\/td><\/tr><tr><td>Sz\u00e1ml\u00e1z\u00e1si n\u00e9v \u00e9s c\u00edm (nem mag\u00e1nszem\u00e9ly eset\u00e9n sz\u00fcks\u00e9ges ad\u00f3sz\u00e1m is)<\/td><td>A szab\u00e1lyszer\u0171 sz\u00e1mla ki\u00e1ll\u00edt\u00e1sa, tov\u00e1bb\u00e1 a szerz\u0151d\u00e9s l\u00e9trehoz\u00e1sa, tartalm\u00e1nak meghat\u00e1roz\u00e1sa, m\u00f3dos\u00edt\u00e1sa, teljes\u00edt\u00e9s\u00e9nek figyelemmel k\u00eds\u00e9r\u00e9se, az abb\u00f3l sz\u00e1rmaz\u00f3 d\u00edjak sz\u00e1ml\u00e1z\u00e1sa, valamint az azzal kapcsolatos k\u00f6vetel\u00e9sek \u00e9rv\u00e9nyes\u00edt\u00e9se. Az el\u00e1ll\u00e1s, szavatoss\u00e1g kezel\u00e9s\u00e9hez sz\u00fcks\u00e9ges.<\/td><td>a GDPR 6. cikk (1) bekezd\u00e9s c) pontja, \u00e9s a sz\u00e1mvitelr\u0151l sz\u00f3l\u00f3 2000. \u00e9vi C. t\u00f6rv\u00e9ny 169. \u00a7 (2) bekezd\u00e9se<\/td><\/tr><tr><td>Sz\u00e1ll\u00edt\u00e1si n\u00e9v \u00e9s c\u00edm<\/td><td>A h\u00e1zhoz sz\u00e1ll\u00edt\u00e1s lehet\u0151v\u00e9 t\u00e9tele. Aj\u00e1nlat\u00edr\u00e1s.<\/td><td rowspan=\"2\">a GDPR 6. cikk (1) bekezd\u00e9s b) pontja \u00e9s az Elkr tv. 13\/A. \u00a7 (3) bekezd\u00e9se<\/td><\/tr><tr><td>A v\u00e1s\u00e1rl\u00e1s id\u0151pontja<\/td><td>Technikai m\u0171velet v\u00e9grehajt\u00e1sa<\/td><\/tr><\/tbody><\/table><\/figure>\n\n\n\n<p class=\"has-base-3-background-color has-background\">Az \u00e9rintettek k\u00f6re: Nem regisztr\u00e1lt v\u00e1s\u00e1rl\u00f3k.<\/p>\n\n\n\n<p class=\"has-base-3-background-color has-background\"><strong>7.<\/strong>&nbsp;<strong>A kezelt adatok tervezett felhaszn\u00e1l\u00e1sa \u00e9s meg\u0151rz\u00e9si ideje<\/strong><\/p>\n\n\n\n<figure class=\"wp-block-table\"><table class=\"has-fixed-layout\"><tbody><tr><td>Adatkezel\u00e9s fajt\u00e1ja<\/td><td>Adatkezel\u00e9s jogalapja<\/td><td>Kezelt adatok k\u00f6re<\/td><td>Adatkezel\u00e9s c\u00e9lja<\/td><td>Adatkezel\u00e9s id\u0151tartama<\/td><\/tr><tr><td>Regisztr\u00e1lt felhaszn\u00e1l\u00f3 eset\u00e9n<\/td><td>Az \u00e9rintett hozz\u00e1j\u00e1rul\u00e1sa (GDPR 6. cikk (1) bek. a) pont)<\/td><td>N\u00e9vLakc\u00edmE-mail c\u00edmTelefonsz\u00e1m <a>(nem k\u00f6telez\u0151)<\/a>Ad\u00f3sz\u00e1m (nem mag\u00e1nszem\u00e9ly eset\u00e9n)Felhaszn\u00e1l\u00f3 tulajdon\u00e1ban \u00e1ll\u00f3, fedeztetni k\u00edv\u00e1nt kanca neve, azonos\u00edt\u00f3 sz\u00e1ma, sz\u00fclet\u00e9si ideje<\/td><td>Felhaszn\u00e1l\u00f3i fi\u00f3k kezel\u00e9seRendel\u00e9si adatok \u00e9s sz\u00e1ml\u00e1k megtekint\u00e9si lehet\u0151s\u00e9g\u00e9nek biztos\u00edt\u00e1saBev\u00e1s\u00e1rl\u00f3lista kezel\u00e9se<\/td><td>A regisztr\u00e1lt v\u00e1s\u00e1rl\u00f3 adatt\u00f6rl\u00e9sre vonatkoz\u00f3 k\u00e9relm\u00e9ig<\/td><\/tr><tr><td>Vend\u00e9g v\u00e1s\u00e1rl\u00f3 eset\u00e9n<\/td><td>A szerz\u0151d\u00e9s teljes\u00edt\u00e9s\u00e9hez sz\u00fcks\u00e9ges (GDPR 6. cikk (1) bek. b) pont)<\/td><td>N\u00e9vLakc\u00edmE-mail c\u00edmTelefonsz\u00e1m(nem k\u00f6telez\u0151)Ad\u00f3sz\u00e1m (nem mag\u00e1nszem\u00e9ly eset\u00e9n)V\u00e1s\u00e1rl\u00f3 tulajdon\u00e1ban \u00e1ll\u00f3, fedeztetni k\u00edv\u00e1nt kanca neve, azonos\u00edt\u00f3 sz\u00e1ma, sz\u00fclet\u00e9si ideje<\/td><td>Rendel\u00e9sek teljes\u00edt\u00e9seRendel\u00e9si visszaigazol\u00e1s k\u00fcld\u00e9seRendel\u00e9s teljes\u00edt\u00e9s\u00e9vel kapcsolatos kommunik\u00e1ci\u00f3<\/td><td>Ptk. szerinti el\u00e9v\u00fcl\u00e9si hat\u00e1rid\u0151ig. A rendel\u00e9s teljes\u00edt\u00e9s\u00e9t k\u00f6vet\u0151 5 \u00e9vig.<\/td><\/tr><tr><td>Sz\u00e1ml\u00e1z\u00e1si adatok kezel\u00e9se<\/td><td>Az adatkezel\u0151re vonatkoz\u00f3 jogi k\u00f6telezetts\u00e9g teljes\u00edt\u00e9se (GDPR 6. cikk (1) bek. c pont) eset\u00e9n)<\/td><td>N\u00e9vLakc\u00edmAd\u00f3sz\u00e1m (nem mag\u00e1nszem\u00e9ly eset\u00e9n)<\/td><td>\u00c1ruk \u00e9s szolg\u00e1ltat\u00e1sok ellen\u00e9rt\u00e9k\u00e9nek sz\u00e1ml\u00e1z\u00e1sa<\/td><td>Sz\u00e1mviteli t\u00f6rv\u00e9nyben meghat\u00e1rozott hat\u00e1rid\u0151ig, 8 \u00e9vig<\/td><\/tr><\/tbody><\/table><\/figure>\n\n\n\n<p class=\"has-base-3-background-color has-background\"><strong>8.<\/strong>&nbsp;<strong>Az adatkezel\u00e9s c\u00e9lja, m\u00f3dja, \u00e9s jogalapja<\/strong><\/p>\n\n\n\n<p class=\"has-base-3-background-color has-background\">A Web\u00e1ruh\u00e1z tev\u00e9kenys\u00e9g\u00e9nek adatkezel\u00e9si \u00f6nk\u00e9ntes hozz\u00e1j\u00e1rul\u00e1son, illetve t\u00f6rv\u00e9nyi felhatalmaz\u00e1son alapulnak. Az \u00f6nk\u00e9ntes hozz\u00e1j\u00e1rul\u00e1son alapul\u00f3 adatkezel\u00e9sek eset\u00e9ben az \u00e9rintettek e hozz\u00e1j\u00e1rul\u00e1sukat az adatkezel\u00e9s b\u00e1rmely szakasz\u00e1ban visszavonhatj\u00e1k.<\/p>\n\n\n\n<p class=\"has-base-3-background-color has-background\">Bizonyos esetekben a megadott adatok egy k\u00f6r\u00e9nek kezel\u00e9s\u00e9t, t\u00e1rol\u00e1s\u00e1t, tov\u00e1bb\u00edt\u00e1s\u00e1t jogszab\u00e1lyok teszik k\u00f6telez\u0151v\u00e9, melyr\u0151l k\u00fcl\u00f6n \u00e9rtes\u00edtj\u00fck \u00fcgyfeleinket.<\/p>\n\n\n\n<p class=\"has-base-3-background-color has-background\">Felh\u00edvjuk az adatk\u00f6zl\u0151k figyelm\u00e9t, hogy amennyiben nem saj\u00e1t szem\u00e9lyes adataikat adj\u00e1k meg, az adatk\u00f6zl\u0151 k\u00f6teless\u00e9ge az \u00e9rintett hozz\u00e1j\u00e1rul\u00e1s\u00e1nak beszerz\u00e9se.<\/p>\n\n\n\n<p class=\"has-base-3-background-color has-background\">A web\u00e1ruh\u00e1z adatkezel\u00e9si alapelvei \u00f6sszhangban vannak az adatv\u00e9delemmel kapcsolatos hat\u00e1lyos jogszab\u00e1lyokkal, az al\u00e1bbiak szerint:<\/p>\n\n\n\n<ul class=\"wp-block-list\">\n<li>2011. \u00e9vi CXII. t\u00f6rv\u00e9ny \u2013 az inform\u00e1ci\u00f3s \u00f6nrendelkez\u00e9si jogr\u00f3l \u00e9s az inform\u00e1ci\u00f3-szabads\u00e1gr\u00f3l (Infotv.)<\/li>\n\n\n\n<li>Az Eur\u00f3pai Parlament \u00e9s a Tan\u00e1cs (EU) 2016\/679 rendelete (2016. \u00e1prilis 27.) \u2013 a term\u00e9szetes szem\u00e9lyeknek a szem\u00e9lyes adatok kezel\u00e9se e tekintet\u00e9ben t\u00f6rt\u00e9n\u0151 v\u00e9delm\u00e9r\u0151l \u00e9s az ilyen adatok szabad \u00e1raml\u00e1s\u00e1r\u00f3l, valamint a 95\/45\/EK rendelet hat\u00e1lyon k\u00edv\u00fcl helyez\u00e9s\u00e9r\u0151l (\u00e1ltal\u00e1nos adatv\u00e9delmi rendelet, GDPR)<\/li>\n\n\n\n<li>2013. \u00e9vi V. t\u00f6rv\u00e9ny \u2013 a Polg\u00e1ri T\u00f6rv\u00e9nyk\u00f6nyvr\u0151l (Ptk.)<\/li>\n\n\n\n<li>2000. \u00e9vi C. t\u00f6rv\u00e9ny \u2013 a sz\u00e1mvitelr\u0151l (Sz\u00e1mv. tv.)<\/li>\n\n\n\n<li>2017. \u00e9vi. LIII. t\u00f6rv\u00e9ny \u2013 a p\u00e9nzmos\u00e1s \u00e9s a terrorizmus finansz\u00edroz\u00e1sa megel\u0151z\u00e9s\u00e9r\u0151l \u00e9s megakad\u00e1lyoz\u00e1s\u00e1r\u00f3l (Pmt.)<\/li>\n\n\n\n<li>2013. \u00e9vi CCXXXVII. t\u00f6rv\u00e9ny \u2013 a hitelint\u00e9zetekr\u0151l \u00e9s a p\u00e9nz\u00fcgyi v\u00e1llalkoz\u00e1sr\u00f3l<\/li>\n<\/ul>\n\n\n\n<p class=\"has-base-3-background-color has-background\"><strong>9. Adatov\u00e1bb\u00edt\u00e1s, adatfeldolgoz\u00e1s, az adatokat megismer\u0151k k\u00f6re<\/strong><\/p>\n\n\n\n<p class=\"has-base-3-background-color has-background\"><strong>9.1.<\/strong>&nbsp;A web\u00e1ruh\u00e1z harmadik f\u00e9l r\u00e9sz\u00e9re nem ad \u00e1t adatokat, ezeket els\u0151dlegesen a web\u00e1ruh\u00e1z munkat\u00e1rsai ismerhetik meg.<\/p>\n\n\n\n<p class=\"has-base-3-background-color has-background\"><strong><em><strong><em>9.2.<\/em><\/strong><\/em><\/strong><em>&nbsp;A Web\u00e1ruh\u00e1z m\u0171k\u00f6dtet\u00e9se sor\u00e1n az al\u00e1bbi adatfeldolgoz\u00f3kat veheti ig\u00e9nybe:<\/em><em><\/em><\/p>\n\n\n\n<figure class=\"wp-block-table\"><table class=\"has-fixed-layout\"><tbody><tr><td><em>Adatfeldolgoz\u00f3 neve<\/em><em><\/em><\/td><td><em>Adatfeldolgoz\u00f3 c\u00edme<\/em><em><\/em><\/td><td><em>Adatfeldolgoz\u00f3 tev\u00e9kenys\u00e9ge<\/em><em><\/em><\/td><td><em>Adatfeldolgoz\u00e1s sor\u00e1n \u00e9rintett adatok<\/em><em><\/em><\/td><\/tr><tr><td><em>Magyar Posta Zrt.<\/em><em><\/em><\/td><td><em>1138 Budapest Dunavir\u00e1g utca 2-6.<\/em><em><\/em><\/td><td><em>Csomagsz\u00e1ll\u00edt\u00e1s<\/em><em><\/em><\/td><td><em>N\u00e9v, c\u00edm, telefonsz\u00e1m, e-mail c\u00edm<\/em><em><\/em><\/td><\/tr><tr><td>GLS<\/td><td><em>2351 Als\u00f3n\u00e9medi Eur\u00f3pa utca 2.<\/em><\/td><td><em>Csomagsz\u00e1ll\u00edt\u00e1s<\/em><em><\/em><\/td><td><em>N\u00e9v, c\u00edm, telefonsz\u00e1m, e-mail c\u00edm<\/em><em><\/em><\/td><\/tr><tr><td><em>Online sz\u00e1ml\u00e1z\u00f3 program<\/em><\/td><td><em>Nemzeti Ad\u00f3 \u00e9s V\u00e1mhivatal<\/em><\/td><td><em>Online sz\u00e1ml\u00e1z\u00e1s<\/em><em><\/em><\/td><td><em>N\u00e9v, c\u00edm, telefonsz\u00e1m, e-mail c\u00edm, ad\u00f3sz\u00e1m (nem mag\u00e1nszem\u00e9ly est\u00e9n)<\/em><em><\/em><\/td><\/tr><tr><td><em>Raiffeisen Bank <\/em><\/td><td>8400 Ajka, Szabads\u00e1g t\u00e9r 4<\/td><td><em>Banki szolg\u00e1ltat\u00e1s<\/em><\/td><td><em>N\u00e9v, c\u00edm, e-mail c\u00edm, ad\u00f3sz\u00e1m, v\u00e1s\u00e1rl\u00e1s fizet\u00e9si \u00f6sszege<\/em><\/td><\/tr><tr><td>Magyar Sportl\u00f3teny\u00e9szt\u0151k Orsz\u00e1gok Egyes\u00fclete&nbsp;<\/td><td>1087 Budapest, Kerepesi \u00fat 7.<\/td><td>Sportlovak teny\u00e9szt\u00e9s\u00e9nek nyilv\u00e1ntart\u00e1sa<\/td><td>mslt@mslt.hu<\/td><\/tr><\/tbody><\/table><\/figure>\n\n\n\n<p class=\"has-base-3-background-color has-background\"><strong>9.3.<\/strong>&nbsp;Profilalkot\u00e1s<\/p>\n\n\n\n<p class=\"has-base-3-background-color has-background\">A Web\u00e1ruh\u00e1z az eredm\u00e9nyesebb kiszolg\u00e1l\u00e1s, a jobb felhaszn\u00e1l\u00f3i \u00e9lm\u00e9ny ny\u00fajt\u00e1sa c\u00e9lj\u00e1b\u00f3l haszn\u00e1lat sor\u00e1n profilalkot\u00e1st v\u00e9gezhet. A profiloz\u00e1s a l\u00e1togat\u00f3 \u00e1ltal (anonim m\u00f3don) megtekintett term\u00e9keket figyeli, ennek tekintet\u00e9ben aj\u00e1nl fel \u00fajabb term\u00e9keket.<\/p>\n\n\n\n<p class=\"has-base-3-background-color has-background\"><strong>10.<\/strong>&nbsp;<strong>\u00c9rintett jogai \u00e9s jog\u00e9rv\u00e9nyes\u00edt\u00e9si lehet\u0151s\u00e9gei<\/strong><\/p>\n\n\n\n<p class=\"has-base-3-background-color has-background\"><strong>10.1.<\/strong>&nbsp;<strong>T\u00e1j\u00e9koztat\u00e1shoz val\u00f3 jog:<\/strong>&nbsp;Az \u00e9rintett b\u00e1rmikor jogosul t\u00e1j\u00e9koztat\u00e1st k\u00e9rni a Szolg\u00e1ltat\u00f3 \u00e1ltal kezelt, r\u00e1 vonatkoz\u00f3 szem\u00e9lyes adatokr\u00f3l, tov\u00e1bb\u00e1 b\u00e1rmikor m\u00f3dos\u00edthatja azokat.<\/p>\n\n\n\n<p class=\"has-base-3-background-color has-background\"><strong>10.2. Hozz\u00e1f\u00e9r\u00e9s joga:<\/strong>&nbsp;Az \u00e9rintett egyr\u00e9szt t\u00e1j\u00e9koztat\u00e1st k\u00e9rhet az \u0151t \u00e9rint\u0151 adatkezel\u00e9s r\u00e9szleteir\u0151l, m\u00e1sr\u00e9szt az adatkezel\u00e9s t\u00e1rgy\u00e1t k\u00e9pez\u0151 szem\u00e9lyes adatok m\u00e1solat\u00e1nak rendelkez\u00e9s\u00e9re bocs\u00e1jt\u00e1s\u00e1t is k\u00e9rheti az adatkezel\u0151t\u0151l.<\/p>\n\n\n\n<p class=\"has-base-3-background-color has-background\"><strong>10.3.<\/strong>&nbsp;<strong>Helyesb\u00edt\u00e9shez val\u00f3 jog:<\/strong>&nbsp;Az \u00e9rintett k\u00e9rheti az adatkezel\u0151 \u00e1ltal kezelt, r\u00e1 vonatkoz\u00f3 pontatlan szem\u00e9lyes adatok helyesb\u00edt\u00e9s\u00e9t \u00e9s a hi\u00e1nyos adatok kieg\u00e9sz\u00edt\u00e9s\u00e9t.<\/p>\n\n\n\n<p class=\"has-base-3-background-color has-background\"><strong>10.4.<\/strong>&nbsp;<strong>T\u00f6rl\u00e9shez val\u00f3 jog<\/strong><\/p>\n\n\n\n<p class=\"has-base-3-background-color has-background\"><strong>10.4.1.<\/strong>&nbsp;Az \u00e9rintett jogosult arra, hogy k\u00e9r\u00e9s\u00e9re az adatkezel\u0151 indokolatlan k\u00e9sedelem n\u00e9lk\u00fcl t\u00f6r\u00f6lje a r\u00e1 vonatkoz\u00f3 szem\u00e9lyes adatokat, az adatkezel\u0151 pedig k\u00f6teles arra, hogy az \u00e9rintettre vonatkoz\u00f3 szem\u00e9lyes adatokat indokolatlan k\u00e9sedelem n\u00e9lk\u00fcl t\u00f6r\u00f6lje, ha az al\u00e1bbi indokok valamelyike fenn\u00e1ll:<\/p>\n\n\n\n<ol style=\"list-style-type:lower-alpha\" class=\"wp-block-list\">\n<li>a szem\u00e9lyes adatokra m\u00e1r nincs sz\u00fcks\u00e9g abb\u00f3l a c\u00e9lb\u00f3l, amelyb\u0151l azokat gy\u0171jt\u00f6tt\u00e9k vagy m\u00e1s m\u00f3don kezelt\u00e9k<\/li>\n\n\n\n<li>az \u00e9rintett visszavonhatja az adatkezel\u00e9s alapj\u00e1t k\u00e9pez\u0151 hozz\u00e1j\u00e1rul\u00e1s\u00e1t, \u00e9s az adatkezel\u00e9snek nincs m\u00e1s jogalapja<\/li>\n\n\n\n<li>az \u00e9rintett tiltakozik az adatkezel\u00e9s ellen, \u00e9s nincs els\u0151bbs\u00e9get \u00e9lvez\u0151 jogszer\u0171 ok az adatkezel\u00e9sre<\/li>\n\n\n\n<li>a szem\u00e9lyes adatokat jogellenesen kezelt\u00e9k<\/li>\n\n\n\n<li>a szem\u00e9lyes adatokat az adatkezel\u0151re alkalmazand\u00f3 uni\u00f3s vagy tag\u00e1llami jogban el\u0151\u00edrt jogi k\u00f6telezetts\u00e9gek teljes\u00edt\u00e9s\u00e9hez t\u00f6r\u00f6lni kell<\/li>\n\n\n\n<li>a szem\u00e9lyes adatok gy\u0171jt\u00e9s\u00e9re inform\u00e1ci\u00f3s t\u00e1rsadalommal \u00f6sszef\u00fcgg\u0151 szolg\u00e1ltat\u00e1sok k\u00edn\u00e1l\u00e1s\u00e1val kapcsolatosan ker\u00fclt sor.<\/li>\n<\/ol>\n\n\n\n<p class=\"has-base-3-background-color has-background\"><strong>10.4.2.<\/strong>&nbsp;Ha az adatkezel\u0151 nyilv\u00e1noss\u00e1gra hozta a szem\u00e9lyes adatot, \u00e9s azt t\u00f6r\u00f6lni k\u00f6teles, gondoskodnia kell arr\u00f3l, hogy a mindazok t\u00f6r\u00f6lj\u00e9k az adatokat, akikhez az adat az adatkezel\u0151n kereszt\u00fcl eljutott.<\/p>\n\n\n\n<p class=\"has-base-3-background-color has-background\"><strong>10.4.3.<\/strong>&nbsp;Az adatok t\u00f6rl\u00e9se nem kezdem\u00e9nyezhet\u0151, ha az adatkezel\u00e9s sz\u00fcks\u00e9ges:<\/p>\n\n\n\n<ol style=\"list-style-type:lower-alpha\" class=\"wp-block-list\">\n<li>a v\u00e9lem\u00e9nynyilv\u00e1n\u00edt\u00e1s szabads\u00e1g\u00e1hoz \u00e9s a t\u00e1j\u00e9koz\u00f3d\u00e1shoz val\u00f3 jog gyakorl\u00e1sa c\u00e9lj\u00e1b\u00f3l<\/li>\n\n\n\n<li>a szem\u00e9lyes adatok kezel\u00e9s\u00e9t el\u0151\u00edr\u00f3, az adatkezel\u0151re alkalmazand\u00f3 uni\u00f3s vagy tag\u00e1llami jog szerinti k\u00f6telezetts\u00e9g teljes\u00edt\u00e9se, illetve k\u00f6z\u00e9rdekb\u0151l vagy az adatkezel\u0151re ruh\u00e1zott k\u00f6zhatalmi jogos\u00edtv\u00e1ny gyakorl\u00e1sa keret\u00e9ben v\u00e9gzett feladat v\u00e9grehajt\u00e1sa c\u00e9lj\u00e1b\u00f3l<\/li>\n\n\n\n<li>a n\u00e9peg\u00e9szs\u00e9g\u00fcgy ter\u00fclet\u00e9t \u00e9rint\u0151 vagy archiv\u00e1l\u00e1si, tudom\u00e1nyos \u00e9s t\u00f6rt\u00e9nelmi kutat\u00e1si c\u00e9lb\u00f3l vagy statisztikai c\u00e9lb\u00f3l, k\u00f6z\u00e9rdek alapj\u00e1n<\/li>\n\n\n\n<li>e jogi ig\u00e9nyek el\u0151terjeszt\u00e9s\u00e9hez, \u00e9rv\u00e9nyes\u00edt\u00e9s\u00e9hez, illetve v\u00e9delm\u00e9hez.<\/li>\n<\/ol>\n\n\n\n<p class=\"has-base-3-background-color has-background\"><strong>10.5.<\/strong>&nbsp;<strong>Az adatkezel\u00e9s korl\u00e1toz\u00e1s\u00e1hoz val\u00f3 jog<\/strong><\/p>\n\n\n\n<p class=\"has-base-3-background-color has-background\"><strong>10.5.1.<\/strong>&nbsp;Az \u00e9rintett jogosult arra, hogy k\u00e9r\u00e9s\u00e9re az Adatkezel\u0151 korl\u00e1tozza az adatkezel\u00e9st, ha az al\u00e1bbiak valamelyike teljes\u00fcl:<\/p>\n\n\n\n<ol style=\"list-style-type:lower-alpha\" class=\"wp-block-list\">\n<li>az \u00e9rintett vitatja a szem\u00e9lyes adatok pontoss\u00e1g\u00e1t, ez esetben a korl\u00e1toz\u00e1s arra az id\u0151tartamra vonatkozik, amely lehet\u0151v\u00e9 teszi, hogy az adatkezel\u0151 ellen\u0151rizze a szem\u00e9lyes adatok pontoss\u00e1g\u00e1t<\/li>\n\n\n\n<li>az adatkezel\u00e9s jogellenes, \u00e9s az \u00e9rintett ellenzi az adatok t\u00f6rl\u00e9s\u00e9t, \u00e9s ehelyett k\u00e9ri azok felhaszn\u00e1l\u00e1s\u00e1nak korl\u00e1toz\u00e1s\u00e1t<\/li>\n\n\n\n<li>az adatkezel\u0151nek m\u00e1r nincs sz\u00fcks\u00e9ge a szem\u00e9lyes adatokra adatkezel\u00e9s c\u00e9lj\u00e1b\u00f3l, de az \u00e9rintett ig\u00e9nyli azokat jogi ig\u00e9nyek el\u0151terjeszt\u00e9s\u00e9hez, \u00e9rv\u00e9nyes\u00edt\u00e9s\u00e9hez vagy v\u00e9delm\u00e9hez<\/li>\n\n\n\n<li>az \u00e9rintett tiltakozott az adatkezel\u00e9s ellen: ez esetben a korl\u00e1toz\u00e1s arra az id\u0151tartamra vonatkozik, am\u00edg meg\u00e1llap\u00edt\u00e1sra nem ker\u00fcl, hogy az adatkezel\u0151 jogos indokai els\u0151bbs\u00e9get \u00e9lveznek-e az \u00e9rintett jogos indokaival szemben.<\/li>\n<\/ol>\n\n\n\n<p class=\"has-base-3-background-color has-background\"><strong>10.5.2.<\/strong>&nbsp;Ha az adatkezel\u00e9s korl\u00e1toz\u00e1s al\u00e1 esik, az ilyen szem\u00e9lyes adatokat a t\u00e1rol\u00e1s kiv\u00e9tel\u00e9vel csak az \u00e9rintett hozz\u00e1j\u00e1rul\u00e1s\u00e1val, vagy jogi ig\u00e9nyek el\u0151terjeszt\u00e9s\u00e9hez, \u00e9rv\u00e9nyes\u00edt\u00e9s\u00e9hez vagy v\u00e9delm\u00e9hez, vagy m\u00e1s term\u00e9szetes jogi szem\u00e9ly jogainak v\u00e9delme \u00e9rdek\u00e9ben, vagy az Uni\u00f3 illetve valamely tag\u00e1llam fontos k\u00f6z\u00e9rdek\u00e9b\u0151l lehet kezelni.<\/p>\n\n\n\n<p class=\"has-base-3-background-color has-background\"><strong>10.5.3.<\/strong>&nbsp;Az adatkezel\u0151 az \u00e9rintettet, akinek a k\u00e9r\u00e9s\u00e9re korl\u00e1tozt\u00e1k az adatkezel\u00e9st, az adatkezel\u00e9s korl\u00e1toz\u00e1s\u00e1nak felold\u00e1s\u00e1r\u00f3l el\u0151zetesen t\u00e1j\u00e9koztatja.<\/p>\n\n\n\n<p class=\"has-base-3-background-color has-background\"><strong>10.6. Az adathordozhat\u00f3s\u00e1ghoz val\u00f3 jog<\/strong><strong><\/strong><\/p>\n\n\n\n<p class=\"has-base-3-background-color has-background\">Az \u00e9rintett jogosult arra, hogy a r\u00e1 vonatkoz\u00f3, \u00e1ltala egy adatkezel\u0151 rendelkez\u00e9s\u00e9re bocs\u00e1tott szem\u00e9lyes adatokat tagolt, sz\u00e9les k\u00f6rben haszn\u00e1lt, g\u00e9ppel olvashat\u00f3 form\u00e1tumban megkapja, tov\u00e1bb\u00e1 jogosult arra, hogy ezeket az adatokazt egy m\u00e1sik adatkezel\u0151nek tov\u00e1bb\u00edtsa an\u00e9lk\u00fcl, hogy ezt akad\u00e1lyozn\u00e1 az adatkezel\u0151, amely a szem\u00e9lyes adatokat a rendelkez\u00e9s\u00e9re bocs\u00e1totta. Ez a jog abban az esetben illati meg az \u00e9rintettet, ha az adatkezel\u00e9si hozz\u00e1j\u00e1rul\u00e1son vagy szerz\u0151d\u00e9sen alapul \u00e9s az adatkezel\u00e9s automatiz\u00e1lt m\u00f3don t\u00f6rt\u00e9nik.<\/p>\n\n\n\n<p class=\"has-base-3-background-color has-background\"><strong>10.7. A tiltakoz\u00e1shoz val\u00f3 jog<\/strong><strong><\/strong><\/p>\n\n\n\n<p class=\"has-base-3-background-color has-background\">Az \u00e9rintett jogosult arra, hogy a saj\u00e1t helyzet\u00e9vel kapcsolatos okokb\u00f3l b\u00e1rmikor tiltakozzon szem\u00e9lyes adataink kezel\u00e9se ellen, ide \u00e9rve a profilalkot\u00e1st is. Ebben az esetben az adatkezel\u0151 a szem\u00e9lyes adatokat nem kezelheti tov\u00e1bb, kiv\u00e9ve ha az adatkezel\u0151 bizony\u00edtja, hogy az adatkezel\u00e9st olyan k\u00e9nyszer\u00edt\u0151 erej\u0171 jogos okok indokolj\u00e1k, amelyek els\u0151bbs\u00e9get \u00e9lveznek az \u00e9rintett \u00e9rdekeivel, jogaival \u00e9s szabads\u00e1gaival szemben, vagy amelyek jogi ig\u00e9nyek el\u0151terjeszt\u00e9s\u00e9hez, \u00e9rv\u00e9nyes\u00edt\u00e9s\u00e9hez vagy v\u00e9delm\u00e9hez kapcsol\u00f3dnak.<\/p>\n\n\n\n<p class=\"has-base-3-background-color has-background\">Az \u00e9rintett tiltakoz\u00e1s\u00e1t a k\u00e9relem beny\u00fajt\u00e1s\u00e1t\u00f3l sz\u00e1m\u00edtott legr\u00f6videbb id\u0151n bel\u00fcl, de legfeljebb 30 nap alatt megvizsg\u00e1lja, annak megalapozotts\u00e1ga k\u00e9rd\u00e9s\u00e9ben d\u00f6nt\u00e9st hoz, \u00e9s err\u0151l a k\u00e9relmez\u0151t \u00edr\u00e1sban t\u00e1j\u00e9koztatja.<\/p>\n\n\n\n<p class=\"has-base-3-background-color has-background\"><strong>10.8. A visszavon\u00e1s joga<\/strong><strong><\/strong><\/p>\n\n\n\n<p class=\"has-base-3-background-color has-background\">Az \u00e9rintett jogosult arra, hogy hozz\u00e1j\u00e1rul\u00e1s\u00e1t b\u00e1rmikor visszavonja. Az adatkezel\u0151 t\u00e1j\u00e9koztatja az \u00e9rintetteket, hogy az adatok kezel\u00e9s\u00e9hez t\u00f6rt\u00e9n\u0151 hozz\u00e1j\u00e1rul\u00e1s visszavon\u00e1sa nem \u00e9rinti a visszavon\u00e1s el\u0151tt a hozz\u00e1j\u00e1rul\u00e1s alapj\u00e1n v\u00e9grehajtott adatkezel\u00e9s jogszer\u0171s\u00e9g\u00e9t.<\/p>\n\n\n\n<p class=\"has-base-3-background-color has-background\"><strong>10.9. B\u00edr\u00f3s\u00e1ghoz fordul\u00e1s joga<\/strong><strong><\/strong><\/p>\n\n\n\n<p class=\"has-base-3-background-color has-background\">Az \u00e9rintett a jogainak megs\u00e9rt\u00e9se eset\u00e9n b\u00edr\u00f3s\u00e1g el\u0151tt \u00e9rv\u00e9nyes\u00edtheti jogait.<\/p>\n\n\n\n<p class=\"has-base-3-background-color has-background\"><strong>11. Adatv\u00e9delmi hat\u00f3s\u00e1gi elj\u00e1r\u00e1s<\/strong><strong><\/strong><\/p>\n\n\n\n<p class=\"has-base-3-background-color has-background\">Panasszal a Nemzeti Adatv\u00e9delmi \u00e9s Inform\u00e1ci\u00f3szabads\u00e1g Hat\u00f3s\u00e1g\u00e1n\u00e1l lehet \u00e9lni:<\/p>\n\n\n\n<p class=\"has-base-3-background-color has-background\">N\u00e9v: Nemzeti Adatv\u00e9delmi \u00e9s Inform\u00e1ci\u00f3szabads\u00e1g Hat\u00f3s\u00e1g<\/p>\n\n\n\n<p class=\"has-base-3-background-color has-background\">Sz\u00e9khely: 1055 Budapest, Falk Miksa u. 9-11.<\/p>\n\n\n\n<p class=\"has-base-3-background-color has-background\">Levelez\u00e9si c\u00edm: 1363 Budapest, Pf.: 9.<\/p>\n\n\n\n<p class=\"has-base-3-background-color has-background\">E-mail: <a href=\"mailto:ugyfelszolgalat@naih.hu\"><u>ugyfelszolgalat@naih.hu<\/u><\/a><\/p>\n\n\n\n<p class=\"has-base-3-background-color has-background\">Honlap: <a href=\"http:\/\/www.naih.hu\"><u>http:\/\/www.naih.hu<\/u><\/a><\/p>\n\n\n\n<p class=\"has-base-3-background-color has-background\"><strong>12. Az adatkezel\u00e9s biztons\u00e1ga<\/strong><strong><\/strong><\/p>\n\n\n\n<p class=\"has-base-3-background-color has-background\">Az adatkezel\u0151 kijelenti, hogy megfelel\u0151 biztons\u00e1gi int\u00e9zked\u00e9seket hozott annak \u00e9rdek\u00e9ben, hogy a szem\u00e9lyes adatokat v\u00e9dje a jogosulatlan hozz\u00e1f\u00e9r\u00e9s, megv\u00e1ltoztat\u00e1s, tov\u00e1bb\u00edt\u00e1s, nyilv\u00e1noss\u00e1gra hozatal, t\u00f6rl\u00e9s vagy megsemmis\u00edt\u00e9s, valamint a v\u00e9letlen megsemmis\u00fcl\u00e9s \u00e9s s\u00e9r\u00fcl\u00e9s, tov\u00e1bb\u00e1 az alkalmazott technika megv\u00e1ltoz\u00e1s\u00e1b\u00f3l fakad\u00f3 hozz\u00e1f\u00e9rhetetlenn\u00e9 v\u00e1l\u00e1s ellen.<\/p>\n\n\n\n<p class=\"has-base-3-background-color has-background\">Az Adatkezel\u0151 a szervezeti \u00e9s technikai lehet\u0151s\u00e9gekhez k\u00e9pest mindent megtesz annak \u00e9rdek\u00e9ben, hogy adatfeldolgoz\u00f3i is megfelel\u0151 adatbiztons\u00e1gi int\u00e9zked\u00e9seket tegyenek, amikor az \u00d6n szem\u00e9lyes adataival dolgoznak.<\/p>\n\n\n\n<p class=\"has-base-3-background-color has-background\">Az Adatkezel\u0151 fenntartja a jogot, hogy jelen Szab\u00e1lyzatot egyoldal\u00faan m\u00f3dos\u00edtsa, melyr\u0151l az \u00c9rintetteket a honlapon t\u00e1j\u00e9koztatja, a hat\u00e1lyba l\u00e9ptet\u00e9st k\u00f6vet\u0151en az oldal tov\u00e1bbi haszn\u00e1lat\u00e1hoz kell elfogadnia a m\u00f3dos\u00edt\u00e1sokat, az Adatkezel\u0151 \u00e1ltal biztos\u00edtott&nbsp;m\u00f3don.<\/p>\n\n\n\n<div style=\"height:39px\" aria-hidden=\"true\" class=\"wp-block-spacer\"><\/div>\n\n\n\n<hr class=\"wp-block-separator aligncenter has-alpha-channel-opacity\"\/>\n\n\n\n<div style=\"height:56px\" aria-hidden=\"true\" class=\"wp-block-spacer\"><\/div>","protected":false},"excerpt":{"rendered":"<p>Adatkezel\u00e9si t\u00e1j\u00e9koztat\u00f3 1.Bevezet\u0151 Gr\u0151bern\u00e9 Solymosi M\u00f3nika, mint a Rosa Horses Fedeztet\u0151 \u00e1llom\u00e1s tulajdonosa kiemelten fontosnak tartja \u00dcgyfelei \u00e9s Partnerei szem\u00e9lyes adatainak v\u00e9delm\u00e9t, inform\u00e1ci\u00f3s \u00f6nrendelkez\u00e9si jog\u00e1nak tisztelet\u00e9ben tart\u00e1s\u00e1t. A web\u00e1ruh\u00e1z haszn\u00e1lata sor\u00e1n a v\u00e1s\u00e1rl\u00f3k \u00e1ltal \u00e1tadott szem\u00e9lyes adatait bizalmasan kezeli, \u00e9s minden int\u00e9zked\u00e9st megtesz, mely az \u00fcgyfelek biztons\u00e1g\u00e1t garant\u00e1lja. Az adatkezel\u00e9s tekintet\u00e9ben a web\u00e1ruh\u00e1zzal kapcsolatosan az &#8230; <a title=\"Adatkezel\u00e9si t\u00e1j\u00e9koztat\u00f3\" class=\"read-more\" href=\"https:\/\/www.rosahorses.hu\/en\/adatkezelesi-tajekoztato\/\" aria-label=\"Read more about Adatkezel\u00e9si t\u00e1j\u00e9koztat\u00f3\">Olvass tov\u00e1bb<\/a><\/p>","protected":false},"author":1,"featured_media":0,"parent":0,"menu_order":0,"comment_status":"closed","ping_status":"open","template":"","meta":{"footnotes":""},"class_list":["post-3","page","type-page","status-publish"],"yoast_head":"<!-- This site is optimized with the Yoast SEO plugin v24.1 - https:\/\/yoast.com\/wordpress\/plugins\/seo\/ -->\n<title>Adatkezel\u00e9si t\u00e1j\u00e9koztat\u00f3 - Rosahorses<\/title>\n<meta name=\"robots\" content=\"index, follow, max-snippet:-1, max-image-preview:large, max-video-preview:-1\" \/>\n<link rel=\"canonical\" href=\"https:\/\/www.rosahorses.hu\/en\/adatkezelesi-tajekoztato\/\" \/>\n<meta property=\"og:locale\" content=\"en_GB\" \/>\n<meta property=\"og:type\" content=\"article\" \/>\n<meta property=\"og:title\" content=\"Adatkezel\u00e9si t\u00e1j\u00e9koztat\u00f3 - Rosahorses\" \/>\n<meta property=\"og:description\" content=\"Adatkezel\u00e9si t\u00e1j\u00e9koztat\u00f3 1.Bevezet\u0151 Gr\u0151bern\u00e9 Solymosi M\u00f3nika, mint a Rosa Horses Fedeztet\u0151 \u00e1llom\u00e1s tulajdonosa kiemelten fontosnak tartja \u00dcgyfelei \u00e9s Partnerei szem\u00e9lyes adatainak v\u00e9delm\u00e9t, inform\u00e1ci\u00f3s \u00f6nrendelkez\u00e9si jog\u00e1nak tisztelet\u00e9ben tart\u00e1s\u00e1t. A web\u00e1ruh\u00e1z haszn\u00e1lata sor\u00e1n a v\u00e1s\u00e1rl\u00f3k \u00e1ltal \u00e1tadott szem\u00e9lyes adatait bizalmasan kezeli, \u00e9s minden int\u00e9zked\u00e9st megtesz, mely az \u00fcgyfelek biztons\u00e1g\u00e1t garant\u00e1lja. Az adatkezel\u00e9s tekintet\u00e9ben a web\u00e1ruh\u00e1zzal kapcsolatosan az ... Olvass tov\u00e1bb\" \/>\n<meta property=\"og:url\" content=\"https:\/\/www.rosahorses.hu\/en\/adatkezelesi-tajekoztato\/\" \/>\n<meta property=\"og:site_name\" content=\"Rosahorses\" \/>\n<meta property=\"article:modified_time\" content=\"2025-02-21T18:53:52+00:00\" \/>\n<meta name=\"twitter:card\" content=\"summary_large_image\" \/>\n<meta name=\"twitter:label1\" content=\"Estimated reading time\" \/>\n\t<meta name=\"twitter:data1\" content=\"18 minutes\" \/>\n<script type=\"application\/ld+json\" class=\"yoast-schema-graph\">{\"@context\":\"https:\/\/schema.org\",\"@graph\":[{\"@type\":\"WebPage\",\"@id\":\"https:\/\/www.rosahorses.hu\/adatkezelesi-tajekoztato\/\",\"url\":\"https:\/\/www.rosahorses.hu\/adatkezelesi-tajekoztato\/\",\"name\":\"Adatkezel\u00e9si t\u00e1j\u00e9koztat\u00f3 - Rosahorses\",\"isPartOf\":{\"@id\":\"https:\/\/www.rosahorses.hu\/#website\"},\"datePublished\":\"2024-11-17T14:34:07+00:00\",\"dateModified\":\"2025-02-21T18:53:52+00:00\",\"breadcrumb\":{\"@id\":\"https:\/\/www.rosahorses.hu\/adatkezelesi-tajekoztato\/#breadcrumb\"},\"inLanguage\":\"en-GB\",\"potentialAction\":[{\"@type\":\"ReadAction\",\"target\":[\"https:\/\/www.rosahorses.hu\/adatkezelesi-tajekoztato\/\"]}]},{\"@type\":\"BreadcrumbList\",\"@id\":\"https:\/\/www.rosahorses.hu\/adatkezelesi-tajekoztato\/#breadcrumb\",\"itemListElement\":[{\"@type\":\"ListItem\",\"position\":1,\"name\":\"Kezd\u0151lap\",\"item\":\"https:\/\/www.rosahorses.hu\/\"},{\"@type\":\"ListItem\",\"position\":2,\"name\":\"Adatkezel\u00e9si t\u00e1j\u00e9koztat\u00f3\"}]},{\"@type\":\"WebSite\",\"@id\":\"https:\/\/www.rosahorses.hu\/#website\",\"url\":\"https:\/\/www.rosahorses.hu\/\",\"name\":\"Rosahorses\",\"description\":\"\",\"publisher\":{\"@id\":\"https:\/\/www.rosahorses.hu\/#organization\"},\"potentialAction\":[{\"@type\":\"SearchAction\",\"target\":{\"@type\":\"EntryPoint\",\"urlTemplate\":\"https:\/\/www.rosahorses.hu\/?s={search_term_string}\"},\"query-input\":{\"@type\":\"PropertyValueSpecification\",\"valueRequired\":true,\"valueName\":\"search_term_string\"}}],\"inLanguage\":\"en-GB\"},{\"@type\":\"Organization\",\"@id\":\"https:\/\/www.rosahorses.hu\/#organization\",\"name\":\"Rosahorses\",\"url\":\"https:\/\/www.rosahorses.hu\/\",\"logo\":{\"@type\":\"ImageObject\",\"inLanguage\":\"en-GB\",\"@id\":\"https:\/\/www.rosahorses.hu\/#\/schema\/logo\/image\/\",\"url\":\"https:\/\/www.rosahorses.hu\/wp-content\/uploads\/2024\/12\/cropped-191788251_408511676772919_1583792527760674700_n.jpg\",\"contentUrl\":\"https:\/\/www.rosahorses.hu\/wp-content\/uploads\/2024\/12\/cropped-191788251_408511676772919_1583792527760674700_n.jpg\",\"width\":1853,\"height\":849,\"caption\":\"Rosahorses\"},\"image\":{\"@id\":\"https:\/\/www.rosahorses.hu\/#\/schema\/logo\/image\/\"}}]}<\/script>\n<!-- \/ Yoast SEO plugin. -->","yoast_head_json":{"title":"Adatkezel\u00e9si t\u00e1j\u00e9koztat\u00f3 - Rosahorses","robots":{"index":"index","follow":"follow","max-snippet":"max-snippet:-1","max-image-preview":"max-image-preview:large","max-video-preview":"max-video-preview:-1"},"canonical":"https:\/\/www.rosahorses.hu\/en\/adatkezelesi-tajekoztato\/","og_locale":"en_GB","og_type":"article","og_title":"Adatkezel\u00e9si t\u00e1j\u00e9koztat\u00f3 - Rosahorses","og_description":"Adatkezel\u00e9si t\u00e1j\u00e9koztat\u00f3 1.Bevezet\u0151 Gr\u0151bern\u00e9 Solymosi M\u00f3nika, mint a Rosa Horses Fedeztet\u0151 \u00e1llom\u00e1s tulajdonosa kiemelten fontosnak tartja \u00dcgyfelei \u00e9s Partnerei szem\u00e9lyes adatainak v\u00e9delm\u00e9t, inform\u00e1ci\u00f3s \u00f6nrendelkez\u00e9si jog\u00e1nak tisztelet\u00e9ben tart\u00e1s\u00e1t. A web\u00e1ruh\u00e1z haszn\u00e1lata sor\u00e1n a v\u00e1s\u00e1rl\u00f3k \u00e1ltal \u00e1tadott szem\u00e9lyes adatait bizalmasan kezeli, \u00e9s minden int\u00e9zked\u00e9st megtesz, mely az \u00fcgyfelek biztons\u00e1g\u00e1t garant\u00e1lja. Az adatkezel\u00e9s tekintet\u00e9ben a web\u00e1ruh\u00e1zzal kapcsolatosan az ... Olvass tov\u00e1bb","og_url":"https:\/\/www.rosahorses.hu\/en\/adatkezelesi-tajekoztato\/","og_site_name":"Rosahorses","article_modified_time":"2025-02-21T18:53:52+00:00","twitter_card":"summary_large_image","twitter_misc":{"Estimated reading time":"18 minutes"},"schema":{"@context":"https:\/\/schema.org","@graph":[{"@type":"WebPage","@id":"https:\/\/www.rosahorses.hu\/adatkezelesi-tajekoztato\/","url":"https:\/\/www.rosahorses.hu\/adatkezelesi-tajekoztato\/","name":"Adatkezel\u00e9si t\u00e1j\u00e9koztat\u00f3 - Rosahorses","isPartOf":{"@id":"https:\/\/www.rosahorses.hu\/#website"},"datePublished":"2024-11-17T14:34:07+00:00","dateModified":"2025-02-21T18:53:52+00:00","breadcrumb":{"@id":"https:\/\/www.rosahorses.hu\/adatkezelesi-tajekoztato\/#breadcrumb"},"inLanguage":"en-GB","potentialAction":[{"@type":"ReadAction","target":["https:\/\/www.rosahorses.hu\/adatkezelesi-tajekoztato\/"]}]},{"@type":"BreadcrumbList","@id":"https:\/\/www.rosahorses.hu\/adatkezelesi-tajekoztato\/#breadcrumb","itemListElement":[{"@type":"ListItem","position":1,"name":"Kezd\u0151lap","item":"https:\/\/www.rosahorses.hu\/"},{"@type":"ListItem","position":2,"name":"Adatkezel\u00e9si t\u00e1j\u00e9koztat\u00f3"}]},{"@type":"WebSite","@id":"https:\/\/www.rosahorses.hu\/#website","url":"https:\/\/www.rosahorses.hu\/","name":"Rosahorses","description":"","publisher":{"@id":"https:\/\/www.rosahorses.hu\/#organization"},"potentialAction":[{"@type":"SearchAction","target":{"@type":"EntryPoint","urlTemplate":"https:\/\/www.rosahorses.hu\/?s={search_term_string}"},"query-input":{"@type":"PropertyValueSpecification","valueRequired":true,"valueName":"search_term_string"}}],"inLanguage":"en-GB"},{"@type":"Organization","@id":"https:\/\/www.rosahorses.hu\/#organization","name":"Rosahorses","url":"https:\/\/www.rosahorses.hu\/","logo":{"@type":"ImageObject","inLanguage":"en-GB","@id":"https:\/\/www.rosahorses.hu\/#\/schema\/logo\/image\/","url":"https:\/\/www.rosahorses.hu\/wp-content\/uploads\/2024\/12\/cropped-191788251_408511676772919_1583792527760674700_n.jpg","contentUrl":"https:\/\/www.rosahorses.hu\/wp-content\/uploads\/2024\/12\/cropped-191788251_408511676772919_1583792527760674700_n.jpg","width":1853,"height":849,"caption":"Rosahorses"},"image":{"@id":"https:\/\/www.rosahorses.hu\/#\/schema\/logo\/image\/"}}]}},"_links":{"self":[{"href":"https:\/\/www.rosahorses.hu\/en\/wp-json\/wp\/v2\/pages\/3","targetHints":{"allow":["GET"]}}],"collection":[{"href":"https:\/\/www.rosahorses.hu\/en\/wp-json\/wp\/v2\/pages"}],"about":[{"href":"https:\/\/www.rosahorses.hu\/en\/wp-json\/wp\/v2\/types\/page"}],"author":[{"embeddable":true,"href":"https:\/\/www.rosahorses.hu\/en\/wp-json\/wp\/v2\/users\/1"}],"replies":[{"embeddable":true,"href":"https:\/\/www.rosahorses.hu\/en\/wp-json\/wp\/v2\/comments?post=3"}],"version-history":[{"count":7,"href":"https:\/\/www.rosahorses.hu\/en\/wp-json\/wp\/v2\/pages\/3\/revisions"}],"predecessor-version":[{"id":1423,"href":"https:\/\/www.rosahorses.hu\/en\/wp-json\/wp\/v2\/pages\/3\/revisions\/1423"}],"wp:attachment":[{"href":"https:\/\/www.rosahorses.hu\/en\/wp-json\/wp\/v2\/media?parent=3"}],"curies":[{"name":"wp","href":"https:\/\/api.w.org\/{rel}","templated":true}]}}